{"id":7089,"date":"2023-06-06T19:57:34","date_gmt":"2023-06-06T19:57:34","guid":{"rendered":"http:\/\/sintramem-sv.org.br\/sintramem\/?page_id=7089"},"modified":"2023-06-06T20:13:18","modified_gmt":"2023-06-06T20:13:18","slug":"postagens","status":"publish","type":"page","link":"https:\/\/sintramem-sv.org.br\/sintramem\/postagens\/","title":{"rendered":"Postagens"},"content":{"rendered":"\n\n\n\n\n<div class=\"wp-block-query is-layout-flow wp-block-query-is-layout-flow\"><ul class=\"is-flex-container columns-3 wp-block-post-template is-layout-flow wp-block-post-template-is-layout-flow\"><li class=\"wp-block-post post-9992 post type-post status-publish format-standard has-post-thumbnail hentry category-sintramem-sintramem\">\n\n<div class=\"wp-block-group\" style=\"padding-top:30px;padding-right:30px;padding-bottom:30px;padding-left:30px\"><div class=\"wp-block-group__inner-container is-layout-flow wp-block-group-is-layout-flow\"><h2 class=\"wp-block-post-title\"><a href=\"https:\/\/sintramem-sv.org.br\/sintramem\/adicional-de-pos-graduacoes-sintramem-cobra-cumprimento-de-decisao-judicial-e-aciona-justica-contra-prefeitura-de-sao-vicente\/\" target=\"_self\" >Adicional de P\u00f3s-Gradua\u00e7\u00f5es | SINTRAMEM cobra cumprimento de decis\u00e3o judicial e aciona Justi\u00e7a contra Prefeitura de S\u00e3o Vicente<\/a><\/h2>\n\n<div class=\"wp-block-post-excerpt\"><p class=\"wp-block-post-excerpt__excerpt\">A Prefeitura de S\u00e3o Vicente descumpriu a decis\u00e3o judicial que determinava o pagamento de progress\u00e3o por p\u00f3s-gradua\u00e7\u00e3o a Servidores da Educa\u00e7\u00e3o municipal. Imediatamente, o SINTRAMEM entrou em contato com a Administra\u00e7\u00e3o, que sinalizou o cumprimento da ordem. No dia 1\u00ba de abril, ainda como medida preventiva, o Sindicato protocolou um pedido extrajudicial de cumprimento da&hellip; <\/p><\/div>\n\n<div class=\"wp-block-post-date\"><time datetime=\"2026-04-28T19:55:32+00:00\">abril 28, 2026<\/time><\/div><\/div><\/div>\n\n<\/li><li class=\"wp-block-post post-9962 post type-post status-publish format-standard has-post-thumbnail hentry category-sintramem-sintramem\">\n\n<div class=\"wp-block-group\" style=\"padding-top:30px;padding-right:30px;padding-bottom:30px;padding-left:30px\"><div class=\"wp-block-group__inner-container is-layout-flow wp-block-group-is-layout-flow\"><h2 class=\"wp-block-post-title\"><a href=\"https:\/\/sintramem-sv.org.br\/sintramem\/1a-feijoada-e-samba-do-sintramem-e-um-sucesso-e-reuniu-mais-de-150-trabalhadores-do-magisterio\/\" target=\"_self\" >1\u00aa Feijoada e Samba do SINTRAMEM \u00e9 um sucesso e re\u00fane mais de 150 Trabalhadores do Magist\u00e9rio &#x1f37d;&#xfe0f;&#x1f941;<\/a><\/h2>\n\n<div class=\"wp-block-post-excerpt\"><p class=\"wp-block-post-excerpt__excerpt\">Realizamos no \u00faltimo s\u00e1bado, dia 25 de abril, a 1\u00aa Feijoada\u00a0e\u00a0Samba do\u00a0SINTRAMEM. O evento contou com mais de 150 Professores e Profissionais do Magist\u00e9rio de S\u00e3o Vicente! O encontro ocorreu no restaurante Ti Maria, um lugar beira-mar que fez todos se sentirem em um maravilhoso fim de semana na praia com os amigos e familiares.&hellip; <\/p><\/div>\n\n<div class=\"wp-block-post-date\"><time datetime=\"2026-04-27T14:19:35+00:00\">abril 27, 2026<\/time><\/div><\/div><\/div>\n\n<\/li><li class=\"wp-block-post post-9929 post type-post status-publish format-standard has-post-thumbnail hentry category-sintramem-sintramem\">\n\n<div class=\"wp-block-group\" style=\"padding-top:30px;padding-right:30px;padding-bottom:30px;padding-left:30px\"><div class=\"wp-block-group__inner-container is-layout-flow wp-block-group-is-layout-flow\"><h2 class=\"wp-block-post-title\"><a href=\"https:\/\/sintramem-sv.org.br\/sintramem\/nova-parceria-sintramem-se-une-ao-medicar-e-promete-beneficios-e-solucoes-para-a-saude-dos-associados\/\" target=\"_self\" >Nova Parceria | SINTRAMEM se une \u00e0 Medicar e oferece benef\u00edcios e solu\u00e7\u00f5es para a sa\u00fade dos associados<\/a><\/h2>\n\n<div class=\"wp-block-post-excerpt\"><p class=\"wp-block-post-excerpt__excerpt\">O SINTRAMEM, juntamente com a Medicar, oferece recursos de ponta para voc\u00ea que \u00e9 associado. Agora, os Servidores do Magist\u00e9rio poder\u00e3o ter acesso \u00e0 Teleconsulta m\u00e9dica 24 horas, desconto em exames laboratoriais, al\u00e9m de descontos nas principais farm\u00e1cias do Brasil. \u00c9 gratuito para os associados. N\u00e3o precisa pagar nada a mais! Nossos diretores Joana D\u2019Arc&hellip; <\/p><\/div>\n\n<div class=\"wp-block-post-date\"><time datetime=\"2026-04-22T19:18:14+00:00\">abril 22, 2026<\/time><\/div><\/div><\/div>\n\n<\/li><li class=\"wp-block-post post-9921 post type-post status-publish format-standard has-post-thumbnail hentry category-sintramem-sintramem\">\n\n<div class=\"wp-block-group\" style=\"padding-top:30px;padding-right:30px;padding-bottom:30px;padding-left:30px\"><div class=\"wp-block-group__inner-container is-layout-flow wp-block-group-is-layout-flow\"><h2 class=\"wp-block-post-title\"><a href=\"https:\/\/sintramem-sv.org.br\/sintramem\/video-feijoada-do-sintramem-esta-com-ultimos-ingressos-a-venda-corra-para-garantir-o-seu\/\" target=\"_self\" >V\u00cdDEO | Feijoada do SINTRAMEM est\u00e1 com \u00faltimos ingressos \u00e0 venda. Corra para garantir o seu!<\/a><\/h2>\n\n<div class=\"wp-block-post-excerpt\"><p class=\"wp-block-post-excerpt__excerpt\">A nossa vice-presidente\u00a0Joana D\u2019Arc Lopes tem um convite especial para voc\u00ea, Servidor. N\u00e3o perca a primeira edi\u00e7\u00e3o do \u201cFeijoada\u00a0e\u00a0Samba\u201c, que acontecer\u00e1 no s\u00e1bado, dia 25 de abril, a partir das 13 horas. O encontro ser\u00e1 no\u00a0Ti Maria Restaurante, na avenida Antonio Rodrigues, 436, no Gonzaguinha. O ingresso est\u00e1 apenas R$ 60. Interessados devem procurar a&hellip; <\/p><\/div>\n\n<div class=\"wp-block-post-date\"><time datetime=\"2026-04-16T20:08:11+00:00\">abril 16, 2026<\/time><\/div><\/div><\/div>\n\n<\/li><li class=\"wp-block-post post-9908 post type-post status-publish format-standard has-post-thumbnail hentry category-sintramem-sintramem\">\n\n<div class=\"wp-block-group\" style=\"padding-top:30px;padding-right:30px;padding-bottom:30px;padding-left:30px\"><div class=\"wp-block-group__inner-container is-layout-flow wp-block-group-is-layout-flow\"><h2 class=\"wp-block-post-title\"><a href=\"https:\/\/sintramem-sv.org.br\/sintramem\/sintramem-fecha-parceria-com-totalpass-e-oferece-beneficios-aos-seus-associados-assista-ao-video\/\" target=\"_self\" >SINTRAMEM fecha parceria com TotalPass e oferece benef\u00edcios aos seus associados. Assista ao v\u00eddeo!<\/a><\/h2>\n\n<div class=\"wp-block-post-excerpt\"><p class=\"wp-block-post-excerpt__excerpt\">A nossa vice-presidente Joana D\u2019Arc Lopes, em nome de toda diretoria do SINTRAMEM, anuncia uma nova parceria incr\u00edvel aos s\u00f3cios. Agora, os trabalhadores do Magist\u00e9rio poder\u00e3o ter acesso \u00e0 TotalPass, empresa l\u00edder servi\u00e7os de sa\u00fade e bem-estar f\u00edsico e mental. S\u00e3o diversos planos dispon\u00edveis e os associados, ao optarem por um deles, poder\u00e3o utilizar as&hellip; <\/p><\/div>\n\n<div class=\"wp-block-post-date\"><time datetime=\"2026-04-14T14:58:06+00:00\">abril 14, 2026<\/time><\/div><\/div><\/div>\n\n<\/li><li class=\"wp-block-post post-9896 post type-post status-publish format-standard has-post-thumbnail hentry category-sintramem-sintramem\">\n\n<div class=\"wp-block-group\" style=\"padding-top:30px;padding-right:30px;padding-bottom:30px;padding-left:30px\"><div class=\"wp-block-group__inner-container is-layout-flow wp-block-group-is-layout-flow\"><h2 class=\"wp-block-post-title\"><a href=\"https:\/\/sintramem-sv.org.br\/sintramem\/plano-da-caixa-de-saude-faz-parceria-com-bluemed-saude-e-oferecem-beneficios-aos-associados-do-sindicato\/\" target=\"_self\" >SINTRAMEM firma parceria com a BlueMed Sa\u00fade e oferece benef\u00edcios aos associados do Sindicato!<\/a><\/h2>\n\n<div class=\"wp-block-post-excerpt\"><p class=\"wp-block-post-excerpt__excerpt\">Nosso diretor Elessandro Campos Eug\u00eanio e Christiane Barros, diretora de benef\u00edcios da BlueMed Sa\u00fade, gravaram um v\u00eddeo em divulga\u00e7\u00e3o da parceria em prol de oferecer um conv\u00eanio exclusivo para voc\u00ea, associado. A BlueMed \u00e9 uma das operadoras refer\u00eancia na Baixada Santista com atendimento tamb\u00e9m em S\u00e3o Paulo. Quem fizer a contrata\u00e7\u00e3o pelo SINTRAMEM estar\u00e1 sem&hellip; <\/p><\/div>\n\n<div class=\"wp-block-post-date\"><time datetime=\"2026-04-10T19:27:59+00:00\">abril 10, 2026<\/time><\/div><\/div><\/div>\n\n<\/li><\/ul><\/div>\n","protected":false},"excerpt":{"rendered":"","protected":false},"author":1,"featured_media":0,"parent":0,"menu_order":0,"comment_status":"closed","ping_status":"closed","template":"","meta":{"_monsterinsights_skip_tracking":false,"_monsterinsights_sitenote_active":false,"_monsterinsights_sitenote_note":"","_monsterinsights_sitenote_category":0,"footnotes":""},"class_list":["post-7089","page","type-page","status-publish","hentry"],"yoast_head":"<!-- This site is optimized with the Yoast SEO plugin v27.0 - https:\/\/yoast.com\/product\/yoast-seo-wordpress\/ -->\n<title>Postagens - SINTRAMEM<\/title>\n<meta name=\"robots\" content=\"index, follow, max-snippet:-1, max-image-preview:large, max-video-preview:-1\" \/>\n<link rel=\"canonical\" href=\"https:\/\/sintramem-sv.org.br\/sintramem\/postagens\/\" \/>\n<meta property=\"og:locale\" content=\"pt_BR\" \/>\n<meta property=\"og:type\" content=\"article\" \/>\n<meta property=\"og:title\" content=\"Postagens - SINTRAMEM\" \/>\n<meta property=\"og:url\" content=\"https:\/\/sintramem-sv.org.br\/sintramem\/postagens\/\" \/>\n<meta property=\"og:site_name\" content=\"SINTRAMEM\" \/>\n<meta property=\"article:modified_time\" content=\"2023-06-06T20:13:18+00:00\" \/>\n<meta name=\"twitter:card\" content=\"summary_large_image\" \/>\n<script type=\"application\/ld+json\" class=\"yoast-schema-graph\">{\"@context\":\"https:\/\/schema.org\",\"@graph\":[{\"@type\":\"WebPage\",\"@id\":\"https:\/\/sintramem-sv.org.br\/sintramem\/postagens\/\",\"url\":\"https:\/\/sintramem-sv.org.br\/sintramem\/postagens\/\",\"name\":\"Postagens - SINTRAMEM\",\"isPartOf\":{\"@id\":\"https:\/\/sintramem-sv.org.br\/sintramem\/#website\"},\"datePublished\":\"2023-06-06T19:57:34+00:00\",\"dateModified\":\"2023-06-06T20:13:18+00:00\",\"breadcrumb\":{\"@id\":\"https:\/\/sintramem-sv.org.br\/sintramem\/postagens\/#breadcrumb\"},\"inLanguage\":\"pt-BR\",\"potentialAction\":[{\"@type\":\"ReadAction\",\"target\":[\"https:\/\/sintramem-sv.org.br\/sintramem\/postagens\/\"]}]},{\"@type\":\"BreadcrumbList\",\"@id\":\"https:\/\/sintramem-sv.org.br\/sintramem\/postagens\/#breadcrumb\",\"itemListElement\":[{\"@type\":\"ListItem\",\"position\":1,\"name\":\"In\u00edcio\",\"item\":\"https:\/\/sintramem-sv.org.br\/sintramem\/\"},{\"@type\":\"ListItem\",\"position\":2,\"name\":\"Postagens\"}]},{\"@type\":\"WebSite\",\"@id\":\"https:\/\/sintramem-sv.org.br\/sintramem\/#website\",\"url\":\"https:\/\/sintramem-sv.org.br\/sintramem\/\",\"name\":\"SINTRAMEM\",\"description\":\"Sindicato dos Trabalhadores no Magist\u00e9rio e na Educa\u00e7\u00e3o de S\u00e3o Vicente\",\"publisher\":{\"@id\":\"https:\/\/sintramem-sv.org.br\/sintramem\/#organization\"},\"potentialAction\":[{\"@type\":\"SearchAction\",\"target\":{\"@type\":\"EntryPoint\",\"urlTemplate\":\"https:\/\/sintramem-sv.org.br\/sintramem\/?s={search_term_string}\"},\"query-input\":{\"@type\":\"PropertyValueSpecification\",\"valueRequired\":true,\"valueName\":\"search_term_string\"}}],\"inLanguage\":\"pt-BR\"},{\"@type\":\"Organization\",\"@id\":\"https:\/\/sintramem-sv.org.br\/sintramem\/#organization\",\"name\":\"SINTRAMEM\",\"url\":\"https:\/\/sintramem-sv.org.br\/sintramem\/\",\"logo\":{\"@type\":\"ImageObject\",\"inLanguage\":\"pt-BR\",\"@id\":\"https:\/\/sintramem-sv.org.br\/sintramem\/#\/schema\/logo\/image\/\",\"url\":\"https:\/\/sintramem-sv.org.br\/sintramem\/wp-content\/uploads\/2017\/02\/SINTRAMEM-LOGO-OFICIAL-300x100-jpg.jpg\",\"contentUrl\":\"https:\/\/sintramem-sv.org.br\/sintramem\/wp-content\/uploads\/2017\/02\/SINTRAMEM-LOGO-OFICIAL-300x100-jpg.jpg\",\"width\":150,\"height\":150,\"caption\":\"SINTRAMEM\"},\"image\":{\"@id\":\"https:\/\/sintramem-sv.org.br\/sintramem\/#\/schema\/logo\/image\/\"}}]}<\/script>\n<!-- \/ Yoast SEO plugin. -->","yoast_head_json":{"title":"Postagens - SINTRAMEM","robots":{"index":"index","follow":"follow","max-snippet":"max-snippet:-1","max-image-preview":"max-image-preview:large","max-video-preview":"max-video-preview:-1"},"canonical":"https:\/\/sintramem-sv.org.br\/sintramem\/postagens\/","og_locale":"pt_BR","og_type":"article","og_title":"Postagens - SINTRAMEM","og_url":"https:\/\/sintramem-sv.org.br\/sintramem\/postagens\/","og_site_name":"SINTRAMEM","article_modified_time":"2023-06-06T20:13:18+00:00","twitter_card":"summary_large_image","schema":{"@context":"https:\/\/schema.org","@graph":[{"@type":"WebPage","@id":"https:\/\/sintramem-sv.org.br\/sintramem\/postagens\/","url":"https:\/\/sintramem-sv.org.br\/sintramem\/postagens\/","name":"Postagens - SINTRAMEM","isPartOf":{"@id":"https:\/\/sintramem-sv.org.br\/sintramem\/#website"},"datePublished":"2023-06-06T19:57:34+00:00","dateModified":"2023-06-06T20:13:18+00:00","breadcrumb":{"@id":"https:\/\/sintramem-sv.org.br\/sintramem\/postagens\/#breadcrumb"},"inLanguage":"pt-BR","potentialAction":[{"@type":"ReadAction","target":["https:\/\/sintramem-sv.org.br\/sintramem\/postagens\/"]}]},{"@type":"BreadcrumbList","@id":"https:\/\/sintramem-sv.org.br\/sintramem\/postagens\/#breadcrumb","itemListElement":[{"@type":"ListItem","position":1,"name":"In\u00edcio","item":"https:\/\/sintramem-sv.org.br\/sintramem\/"},{"@type":"ListItem","position":2,"name":"Postagens"}]},{"@type":"WebSite","@id":"https:\/\/sintramem-sv.org.br\/sintramem\/#website","url":"https:\/\/sintramem-sv.org.br\/sintramem\/","name":"SINTRAMEM","description":"Sindicato dos Trabalhadores no Magist\u00e9rio e na Educa\u00e7\u00e3o de S\u00e3o Vicente","publisher":{"@id":"https:\/\/sintramem-sv.org.br\/sintramem\/#organization"},"potentialAction":[{"@type":"SearchAction","target":{"@type":"EntryPoint","urlTemplate":"https:\/\/sintramem-sv.org.br\/sintramem\/?s={search_term_string}"},"query-input":{"@type":"PropertyValueSpecification","valueRequired":true,"valueName":"search_term_string"}}],"inLanguage":"pt-BR"},{"@type":"Organization","@id":"https:\/\/sintramem-sv.org.br\/sintramem\/#organization","name":"SINTRAMEM","url":"https:\/\/sintramem-sv.org.br\/sintramem\/","logo":{"@type":"ImageObject","inLanguage":"pt-BR","@id":"https:\/\/sintramem-sv.org.br\/sintramem\/#\/schema\/logo\/image\/","url":"https:\/\/sintramem-sv.org.br\/sintramem\/wp-content\/uploads\/2017\/02\/SINTRAMEM-LOGO-OFICIAL-300x100-jpg.jpg","contentUrl":"https:\/\/sintramem-sv.org.br\/sintramem\/wp-content\/uploads\/2017\/02\/SINTRAMEM-LOGO-OFICIAL-300x100-jpg.jpg","width":150,"height":150,"caption":"SINTRAMEM"},"image":{"@id":"https:\/\/sintramem-sv.org.br\/sintramem\/#\/schema\/logo\/image\/"}}]}},"_links":{"self":[{"href":"https:\/\/sintramem-sv.org.br\/sintramem\/wp-json\/wp\/v2\/pages\/7089","targetHints":{"allow":["GET"]}}],"collection":[{"href":"https:\/\/sintramem-sv.org.br\/sintramem\/wp-json\/wp\/v2\/pages"}],"about":[{"href":"https:\/\/sintramem-sv.org.br\/sintramem\/wp-json\/wp\/v2\/types\/page"}],"author":[{"embeddable":true,"href":"https:\/\/sintramem-sv.org.br\/sintramem\/wp-json\/wp\/v2\/users\/1"}],"replies":[{"embeddable":true,"href":"https:\/\/sintramem-sv.org.br\/sintramem\/wp-json\/wp\/v2\/comments?post=7089"}],"version-history":[{"count":5,"href":"https:\/\/sintramem-sv.org.br\/sintramem\/wp-json\/wp\/v2\/pages\/7089\/revisions"}],"predecessor-version":[{"id":7115,"href":"https:\/\/sintramem-sv.org.br\/sintramem\/wp-json\/wp\/v2\/pages\/7089\/revisions\/7115"}],"wp:attachment":[{"href":"https:\/\/sintramem-sv.org.br\/sintramem\/wp-json\/wp\/v2\/media?parent=7089"}],"curies":[{"name":"wp","href":"https:\/\/api.w.org\/{rel}","templated":true}]}}