{"id":630,"date":"2017-02-20T19:41:36","date_gmt":"2017-02-20T19:41:36","guid":{"rendered":"http:\/\/sintramem-sv.org.br\/sintramem\/?page_id=630"},"modified":"2024-06-24T18:13:58","modified_gmt":"2024-06-24T18:13:58","slug":"leis-municipais","status":"publish","type":"page","link":"https:\/\/sintramem-sv.org.br\/sintramem\/sintramem\/legislacao\/leis-municipais\/","title":{"rendered":"Legisla\u00e7\u00e3o Municipal"},"content":{"rendered":"<p style=\"text-align: center;\"><strong><span style=\"color: #333399;\"><span style=\"color: #000000;\">1 &#8211; ESTATUTO DOS FUNCION\u00c1RIOS P\u00daBLICOS DE S\u00c3O VICENTE<\/span><\/span><\/strong><\/p>\n<p style=\"text-align: center;\"><a style=\"color: #333399;\" href=\"https:\/\/sintramem-sv.org.br\/sintramem\/wp-content\/uploads\/2017\/02\/EST-SERVIDOR.pdf\"><span style=\"text-decoration: underline; color: #ff0000;\"><em>LEI N\u00ba 1780\/1978. &#8211; ESTATUTO DOS FUNCION\u00c1RIOS P\u00daBLICOS DE S\u00c3O VICENTE (clique aqui)<\/em><\/span><\/a><\/p>\n<p style=\"text-align: center;\"><span style=\"color: #000000;\"><strong>2 &#8211; ALTERA\u00c7\u00d5ES NO ESTATUTO DO SERVIDOR<\/strong><\/span><\/p>\n<p style=\"text-align: center;\"><span style=\"text-decoration: underline; color: #ff0000;\"><em><span style=\"color: #ff0000; text-decoration: underline;\"><a style=\"color: #ff0000; text-decoration: underline;\" href=\"https:\/\/sintramem-sv.org.br\/sintramem\/wp-content\/uploads\/2022\/07\/LC-19.pdf\">LEI N\u00ba 19 &#8211; Concede aos servidores municipais a sexta-parte e adicional por tempo de servi\u00e7o. (clique aqui)<\/a><\/span><br \/><\/em><\/span><br \/><span style=\"text-decoration: underline; color: #ff0000;\"><em><a style=\"color: #ff0000; text-decoration: underline;\" href=\"https:\/\/sintramem-sv.org.br\/sintramem\/wp-content\/uploads\/2017\/02\/LEI-2303.pdf\"> LEI N\u00ba 2303 &#8211; Estende a todos os servidores municipais os<br \/>direitos previstos nos artigos 169 e 201 e seus<br \/>par\u00e1grafos da Lei n.\u00ba 1780\/78 (clique aqui)<\/a><\/em><\/span><\/p>\n<p style=\"text-align: center;\"><span style=\"text-decoration: underline; color: #ff0000;\"><em>\u00a0<a style=\"color: #ff0000; text-decoration: underline;\" href=\"https:\/\/sintramem-sv.org.br\/sintramem\/wp-content\/uploads\/2017\/02\/LEI-1815.pdf\">LEI N\u00ba 1815 &#8211; Revoga o inciso XI e par\u00e1grafo \u00fanico do<br \/>artigo 109, da Lei n.\u00ba 1780\/78 (clique aqui)<\/a><br \/><\/em><\/span><br \/><span style=\"text-decoration: underline; color: #ff0000;\"><em><a style=\"color: #ff0000; text-decoration: underline;\" href=\"https:\/\/sintramem-sv.org.br\/sintramem\/wp-content\/uploads\/2017\/02\/LEI-1815.pdf\">LEI N\u00ba<\/a><a style=\"color: #ff0000; text-decoration: underline;\" href=\"https:\/\/sintramem-sv.org.br\/sintramem\/wp-content\/uploads\/2017\/02\/L.C.-640.pdf\"> 640\u00a0 &#8211; Altera e acrescenta dispositivos ao art. 12 da Lei<br \/>n.\u00ba 1780, de 6.6.78 (clique aqui)<\/a><br \/><\/em><\/span><br \/><span style=\"text-decoration: underline; color: #ff0000;\"><em><a style=\"color: #ff0000; text-decoration: underline;\" href=\"https:\/\/sintramem-sv.org.br\/sintramem\/wp-content\/uploads\/2017\/02\/LEI-1815.pdf\">LEI N\u00ba<\/a><a style=\"color: #ff0000; text-decoration: underline;\" href=\"https:\/\/sintramem-sv.org.br\/sintramem\/wp-content\/uploads\/2017\/02\/L.C.-545.pdf\"> 545 &#8211; Altera a reda\u00e7\u00e3o do \u201ccaput\u201d e do \u00a7 2.\u00ba do art.<br \/>201 da Lei n.\u00b0 1780, de 6.6.78 (clique aqui)<\/a><br \/><\/em><\/span><br \/><span style=\"text-decoration: underline; color: #ff0000;\"><em><a style=\"color: #ff0000; text-decoration: underline;\" href=\"https:\/\/sintramem-sv.org.br\/sintramem\/wp-content\/uploads\/2017\/02\/LEI-1815.pdf\">LEI N\u00ba<\/a><a style=\"color: #ff0000; text-decoration: underline;\" href=\"https:\/\/sintramem-sv.org.br\/sintramem\/wp-content\/uploads\/2017\/02\/L.C.-532.pdf\"> 532 -Disp\u00f5e sobre a incorpora\u00e7\u00e3o de parcela<br \/>remunerat\u00f3ria aos professores da rede<br \/>municipal de ensino que tenham sido ou<br \/>venham a ser designados para exercer as<br \/>fun\u00e7\u00f5es de Diretor de Escola ou Supervisor de<br \/>Ensino (clique aqui)<\/a><\/em><\/span><\/p>\n<p style=\"text-align: center;\"><span style=\"text-decoration: underline; color: #ff0000;\"><em><a style=\"color: #ff0000; text-decoration: underline;\" href=\"https:\/\/sintramem-sv.org.br\/sintramem\/wp-content\/uploads\/2017\/02\/LEI-1971.pdf\">LEI N\u00ba 1971 &#8211; Estende regime jur\u00eddico estatut\u00e1rio aos<br \/>extranumer\u00e1rios. Estabelece hor\u00e1rio para servidor estudante.(clique aqui)<\/a><br \/><\/em><\/span><br \/><span style=\"text-decoration: underline; color: #ff0000;\"><em><a style=\"color: #ff0000; text-decoration: underline;\" href=\"https:\/\/sintramem-sv.org.br\/sintramem\/wp-content\/uploads\/2017\/02\/LEI-1907.pdf\">LEI N\u00ba 1907\u00a0 &#8211; Acrescenta incisos aos artigos 227 e 234 da<br \/>Lei n.\u00ba 1780\/78. (clique aqui)<\/a><br \/><\/em><\/span><br \/><span style=\"text-decoration: underline; color: #ff0000;\"><em><a style=\"color: #ff0000; text-decoration: underline;\" href=\"https:\/\/sintramem-sv.org.br\/sintramem\/wp-content\/uploads\/2017\/02\/Lei-1890.pdf\">Lei N\u00ba 1890 &#8211; Disp\u00f5e sobre a concess\u00e3o de Abono de Natal<br \/>aos funcion\u00e1rios e servidores municipais de<br \/>S\u00e3o Vicente e d\u00e1 outras provid\u00eancias (clique aqui)<\/a><br \/><\/em><\/span><br \/><span style=\"text-decoration: underline; color: #ff0000;\"><em><a style=\"color: #ff0000; text-decoration: underline;\" href=\"https:\/\/sintramem-sv.org.br\/sintramem\/wp-content\/uploads\/2017\/02\/LEI-1873.pdf\">LEI N\u00ba 1873 &#8211; Acrescenta par\u00e1grafo ao artigo 234 da Lei n.\u00ba<br \/>1780\/78, e d\u00e1 outras provid\u00eancias (clique aqui)<\/a><br \/><\/em><\/span><br \/><span style=\"text-decoration: underline; color: #ff0000;\"><em><a style=\"color: #ff0000; text-decoration: underline;\" href=\"https:\/\/sintramem-sv.org.br\/sintramem\/wp-content\/uploads\/2017\/02\/LEI-1819.pdf\">LEI N\u00ba 1819 &#8211; Altera a reda\u00e7\u00e3o do inciso II, do artigo 109,<br \/>da Lei n.\u00ba 1780\/78 (clique aqui)<\/a><br \/><\/em><\/span><br \/><span style=\"text-decoration: underline; color: #ff0000;\"><em><a style=\"color: #ff0000; text-decoration: underline;\" href=\"https:\/\/sintramem-sv.org.br\/sintramem\/wp-content\/uploads\/2017\/02\/LEI-2308.pdf\">LEI N\u00ba 2308 &#8211; Disp\u00f5e sobre o reajuste salarial dos<br \/>servidores municipais e aut\u00e1rquicos e d\u00e1<br \/>outras provid\u00eancias (clique aqui)<\/a><br \/><\/em><\/span><br \/><span style=\"text-decoration: underline; color: #ff0000;\"><em><a style=\"color: #ff0000; text-decoration: underline;\" href=\"https:\/\/sintramem-sv.org.br\/sintramem\/wp-content\/uploads\/2017\/02\/LEI-2222.pdf\">LEI N\u00ba 2222 &#8211; Acrescenta dispositivos ao artigo 194 da Lei n.\u00ba<br \/>1780\/78 (clique aqui)<\/a><br \/><\/em><\/span><br \/><span style=\"text-decoration: underline; color: #ff0000;\"><em><a style=\"color: #ff0000; text-decoration: underline;\" href=\"https:\/\/sintramem-sv.org.br\/sintramem\/wp-content\/uploads\/2017\/02\/LEI-2217.pdf\">LEI N\u00ba 2217 &#8211; Altera a reda\u00e7\u00e3o do artigo 104 da Lei n.\u00ba<br \/>1780\/78 \u2013 Estatuto dos Funcion\u00e1rios P\u00fablicos do<br \/>Munic\u00edpio de S\u00e3o Vicente, e d\u00e1 outras<br \/>provid\u00eancias (clique aqui)<\/a><br \/><\/em><\/span><br \/><span style=\"text-decoration: underline; color: #ff0000;\"><em><a style=\"color: #ff0000; text-decoration: underline;\" href=\"https:\/\/sintramem-sv.org.br\/sintramem\/wp-content\/uploads\/2017\/02\/LEI-2110.pdf\">LEI N\u00ba 2110 &#8211; Altera a reda\u00e7\u00e3o do artigo 320 da Lei n.\u00ba<br \/>1780\/78 \u2013 Estatuto dos Funcion\u00e1rios P\u00fablicos do<br \/>Munic\u00edpio de S\u00e3o Vicente, e d\u00e1 outras<br \/>provid\u00eancias (clique aqui)<\/a><br \/><\/em><\/span><br \/><span style=\"text-decoration: underline; color: #ff0000;\"><em><a style=\"color: #ff0000; text-decoration: underline;\" href=\"https:\/\/sintramem-sv.org.br\/sintramem\/wp-content\/uploads\/2017\/02\/LEI-2009.pdf\">LEI N\u00ba 2009 &#8211; Altera a reda\u00e7\u00e3o dos artigos 194 e seu par\u00e1grafo<br \/>\u00fanico e 195, e revoga o artigo 193 e seu<br \/>par\u00e1grafo \u00fanico da Lei n.\u00ba 1780\/78 \u2013 Estatuto<br \/>dos Funcion\u00e1rios P\u00fablicos de S\u00e3o Vicente, e d\u00e1<br \/>outras provid\u00eancias (clique aqui)<\/a><\/em><\/span><\/p>\n<p style=\"text-align: center;\"><span style=\"color: #000000;\"><strong>3 &#8211; ESTATUTO DO MAGIST\u00c9RIO<\/strong><\/span><\/p>\n<p style=\"text-align: center;\"><a href=\"https:\/\/sintramem-sv.org.br\/sintramem\/wp-content\/uploads\/2024\/06\/LC-806-atualizada.pdf\"><span style=\"text-decoration: underline; color: #ff0000;\"><em>LEI N\u00ba 806 &#8211; ESTATUTO DO MAGISTERIO (clique aqui<\/em><\/span><span style=\"text-decoration: underline; color: #ff0000;\"><em>)<\/em><\/span><\/a><\/p>\n<p style=\"text-align: center;\"><span style=\"color: #000000;\"><strong>4 &#8211; LEGISLA\u00c7\u00c3O QUE TRATA DE INCORPORA\u00c7\u00c3O<\/strong><\/span><\/p>\n<p style=\"text-align: center;\"><span style=\"text-decoration: underline; color: #ff0000;\"><em><a style=\"color: #ff0000; text-decoration: underline;\" href=\"https:\/\/sintramem-sv.org.br\/sintramem\/wp-content\/uploads\/2017\/02\/LEI-COMPLEMENTAR-532.pdf\">LEI N\u00ba 532 &#8211; Disp\u00f5e sobre a incorpora\u00e7\u00e3o de parcela<br \/>remunerat\u00f3ria aos professores da rede<br \/>municipal de ensino que tenham sido ou<br \/>venham a ser designados para exercer as<br \/>fun\u00e7\u00f5es de Diretor de Escola ou Supervisor de<br \/>Ensino (clique aqui)<\/a><\/em><\/span><\/p>\n<p style=\"text-align: center;\"><span style=\"text-decoration: underline; color: #ff0000;\"><em><a style=\"color: #ff0000; text-decoration: underline;\" href=\"https:\/\/sintramem-sv.org.br\/sintramem\/wp-content\/uploads\/2017\/02\/LEI-COMPLEMENTAR-19.pdf\">LEI N\u00ba 19 &#8211; Concede aos servidores municipais a sexta-parte<br \/>e adicional por tempo de servi\u00e7o (clique aqui)<\/a><\/em><\/span><\/p>\n<p style=\"text-align: center;\"><span style=\"text-decoration: underline; color: #ff0000;\"><em><a style=\"color: #ff0000; text-decoration: underline;\" href=\"https:\/\/sintramem-sv.org.br\/sintramem\/wp-content\/uploads\/2017\/02\/LEI-COMPLEMENTAR-741.pdf\">LEI N\u00ba 741 &#8211; Altera a reda\u00e7\u00e3o do art. 1.\u00ba da Lei<br \/>Complementar n.\u00ba 19, de 19.3.92, que<br \/>concede aos servidores municipais a sextaparte e adicional por tempo de servi\u00e7o (clique aqui)<\/a><\/em><\/span><\/p>\n<p style=\"text-align: center;\"><span style=\"text-decoration: underline; color: #ff0000;\"><em><a style=\"color: #ff0000; text-decoration: underline;\" href=\"https:\/\/sintramem-sv.org.br\/sintramem\/wp-content\/uploads\/2017\/02\/LEI-COMPLEMENTAR-833.pdf\">LEI N\u00ba 833 &#8211; Altera a reda\u00e7\u00e3o de dispositivos da Lei<br \/>Complementar n.\u00ba 19, de 19.3.92, alterada<br \/>pela Lei Complementar n.\u00ba 741, de 13.12.13,<br \/>que concede aos servidores municipais a<br \/>sexta-parte e adicional por tempo de servi\u00e7o (clique aqui)<\/a><\/em><\/span><\/p>\n<p style=\"text-align: center;\"><span style=\"color: #000000;\"><strong>5 &#8211; LEI ORG\u00c2NICA DO MUNIC\u00cdPIO DE S\u00c3O VICENTE<\/strong><\/span><\/p>\n<p style=\"text-align: center;\"><span style=\"text-decoration: underline; color: #ff0000;\"><em><a style=\"color: #ff0000; text-decoration: underline;\" href=\"https:\/\/sintramem-sv.org.br\/sintramem\/wp-content\/uploads\/2021\/08\/LEI-ORGANICA-SAO-VICENTE.pdf\">LEI ORGANICA MUNICIPAL (clique aqui)<\/a><\/em><\/span><\/p>\n<p style=\"text-align: center;\"><span style=\"color: #000000;\"><strong>6 &#8211; DOA\u00c7\u00c3O DE SANGUE<\/strong><\/span><\/p>\n<p style=\"text-align: center;\"><span style=\"text-decoration: underline; color: #ff0000;\"><em><a style=\"color: #ff0000; text-decoration: underline;\" href=\"https:\/\/sintramem-sv.org.br\/sintramem\/wp-content\/uploads\/2017\/02\/LEI-2811.pdf\">LEI N\u00ba 2811 &#8211; Disciplina a doa\u00e7\u00e3o de sangue dos servidores<br \/>municipais, e d\u00e1 outras provid\u00eancias (clique aqui).<\/a><\/em><\/span><br \/><span style=\"text-decoration: underline; color: #ff0000;\"><em><a style=\"color: #ff0000; text-decoration: underline;\" href=\"https:\/\/rhseducsv.files.wordpress.com\/2014\/05\/decreto-3417-a-doac3a7c3a3o-de-sangue.pdf\">Decreto N\u00ba 3417-A (clique aqui)<\/a><\/em><\/span><\/p>\n<p style=\"text-align: center;\"><span style=\"color: #000000;\"><strong>7 &#8211; SISTEMA MUNICIPAL DE ENSINO<\/strong><\/span><\/p>\n<p style=\"text-align: center;\"><span style=\"text-decoration: underline; color: #ff0000;\"><em><a style=\"color: #ff0000; text-decoration: underline;\" href=\"https:\/\/sintramem-sv.org.br\/sintramem\/wp-content\/uploads\/2017\/02\/LEI-1097-A.pdf\">LEI N\u00ba 1097-A &#8211; Cria o Sistema Municipal de Ensino e<br \/>estabelece normas gerais para a sua adequada<br \/>implanta\u00e7\u00e3o (clique aqui)<\/a><\/em><\/span><\/p>\n<p style=\"text-align: center;\"><span style=\"color: #000000;\"><strong>8 &#8211; FALTA ANIVERS\u00c1RIO E ABONADAS<\/strong><\/span><\/p>\n<p style=\"text-align: center;\"><span style=\"text-decoration: underline; color: #ff0000;\"><em><a style=\"color: #ff0000; text-decoration: underline;\" href=\"https:\/\/sintramem-sv.org.br\/sintramem\/wp-content\/uploads\/2017\/02\/FALTA-ANIVERSARIO.pdf\">LEI N\u00ba 721 &#8211; Disp\u00f5e sobre a falta-anivers\u00e1rio aos servidores<br \/>municipais de S\u00e3o Vicente (clique aqui)<\/a><br \/><\/em><\/span><br \/><span style=\"text-decoration: underline; color: #ff0000;\"><em><a style=\"color: #ff0000; text-decoration: underline;\" href=\"https:\/\/sintramem-sv.org.br\/sintramem\/wp-content\/uploads\/2021\/10\/LEI-COMPLEMENTAR-N.o-196.pdf\">LEI N\u00ba 196 &#8211; Altera a reda\u00e7\u00e3o do art. 1.\u00ba da Lei n.\u00ba 1815\/79<br \/>que trata da concess\u00e3o, ao servidor, de falta<br \/>abonada ao servi\u00e7o (clique aqui)<\/a><br \/><\/em><\/span><br \/><span style=\"text-decoration: underline; color: #ff0000;\"><em><a style=\"color: #ff0000; text-decoration: underline;\" href=\"https:\/\/sintramem-sv.org.br\/sintramem\/wp-content\/uploads\/2021\/10\/LEI-1815.pdf\">LEI N\u00ba 1815 &#8211; Revoga o inciso XI e par\u00e1grafo \u00fanico do<br \/>artigo 109, da Lei n.\u00ba 1780\/78 (clique aqui)<\/a><br \/><\/em><\/span><br \/><span style=\"text-decoration: underline; color: #ff0000;\"><em><a style=\"color: #ff0000; text-decoration: underline;\" href=\"https:\/\/sintramem-sv.org.br\/sintramem\/wp-content\/uploads\/2021\/10\/Decretos-3670.A-e-3706-A.pdf\">Decretos &#8211; 3670-A e 3706-A (clique aqui)<\/a><br \/><\/em><\/span><br \/><span style=\"text-decoration: underline; color: #ff0000;\"><em><a style=\"color: #ff0000; text-decoration: underline;\" href=\"https:\/\/sintramem-sv.org.br\/sintramem\/wp-content\/uploads\/2021\/10\/Decreto-3274-79.pdf\">Decreto n\u00ba3274-79 &#8211; Revoga o inciso XI e par\u00e1grafo \u00fanico do artigo 109, da Lei n\u00ba 1780\/78 (clique aqui)<\/a><br \/><\/em><\/span><br \/><span style=\"text-decoration: underline; color: #ff0000;\"><em><a style=\"color: #ff0000; text-decoration: underline;\" href=\"https:\/\/sintramem-sv.org.br\/sintramem\/wp-content\/uploads\/2021\/10\/Resolucao-02-2014.pdf\">Resolu\u00e7\u00e3o n\u00ba 02-2014\u00a0 &#8211; Disp\u00f5e sobre o n\u00famero e abonadas para Professores Municipal de Ensino (clique aqui)<\/a><\/em><\/span><\/p>\n<p style=\"text-align: center;\"><strong>9 &#8211; ADIN &#8211; FOLGA ANIVERS\u00c1RIO<\/strong><\/p>\n<p style=\"text-align: center;\"><em><span style=\"text-decoration: underline;\"><span style=\"color: #ff0000; text-decoration: underline;\"><a style=\"color: #ff0000; text-decoration: underline;\" href=\"https:\/\/sintramem-sv.org.br\/sintramem\/wp-content\/uploads\/2023\/05\/Perda-de-Prazo.pdf\">Perda de Prazo (clique aqui)<\/a><br \/><a style=\"color: #ff0000; text-decoration: underline;\" href=\"https:\/\/sintramem-sv.org.br\/sintramem\/wp-content\/uploads\/2023\/05\/Acordao.pdf\">Ac\u00f3rd\u00e3o (clique aqui)<\/a><br \/><a style=\"color: #ff0000; text-decoration: underline;\" href=\"https:\/\/sintramem-sv.org.br\/sintramem\/wp-content\/uploads\/2023\/05\/Voto-Relator.pdf\">Voto Relator (clique aqui)<\/a><\/span><\/span><\/em><\/p>\n<p style=\"text-align: center;\"><span style=\"color: #000000;\"><strong>10 &#8211; FUN\u00c7\u00d5ES GRATIFICADAS E TABELA SALARIAL DO MAGIST\u00c9RIO<\/strong><\/span><\/p>\n<p style=\"text-align: center;\"><span style=\"text-decoration: underline; color: #ff0000;\"><em><a style=\"color: #ff0000; text-decoration: underline;\" href=\"https:\/\/sintramem-sv.org.br\/sintramem\/wp-content\/uploads\/2017\/02\/LEI-COMPLEMENTAR-841.pdf\">LEI N\u00ba 841 &#8211; Altera os Anexos I, II, III e IV da Lei Complementar n\u00ba 268, de 28.12.99,que disp\u00f5e sobre o quadro de pessoal da Prefeitura, altera cargos,<br \/>regulamenta as fun\u00e7\u00f5es gratificadas criadas pelo art. 4\u00ba da Lei Complementar<br \/>n\u00ba 806, de 26.08.15, que institui a tabela salarial do magist\u00e9rio, e d\u00e1 outras<br \/>provid\u00eancias (clique aqui)<\/a><\/em><\/span><\/p>\n<p style=\"text-align: center;\"><span style=\"color: #000000;\"><strong><em>11 &#8211; B\u00d4NUS<\/em><\/strong><\/span><\/p>\n<p style=\"text-align: center;\"><span style=\"text-decoration: underline;\"><a href=\"https:\/\/sintramem-sv.org.br\/sintramem\/wp-content\/uploads\/2022\/11\/portaria-45_2022-regulamento-o-pagamento-do-premio-do-magisterio-2022.pdf\"><em><span style=\"color: #ff0000; text-decoration: underline;\">PORTARIA N.\u00ba 45\/2022 \u2013 SEDUC\/SV &#8211;\u00a0<\/span><\/em><em><span style=\"color: #ff0000; text-decoration: underline;\">Regulamenta a Lei Municipal n.\u00ba 1076, de 28 de outubro de 2022, que disp\u00f5e sobre o Programa de Premia\u00e7\u00e3o de profissionais do magist\u00e9rio e de destina\u00e7\u00e3o de <\/span><\/em><em><span style=\"color: #ff0000; text-decoration: underline;\">bens e servi\u00e7os \u00e0s unidades escolares da rede municipal de S\u00e3o Vicente, Estado de S\u00e3o Paulo.<\/span><\/em><\/a><\/span><strong><em><br \/><\/em><\/strong><\/p>\n<p style=\"text-align: center;\"><span style=\"text-decoration: underline; color: #ff0000;\"><em><a style=\"color: #ff0000; text-decoration: underline;\" href=\"https:\/\/sintramem-sv.org.br\/sintramem\/wp-content\/uploads\/2017\/02\/LEI-COMPLEMENTAR-771.pdf\">LEI N\u00ba 771 &#8211; Disp\u00f5e sobre a institui\u00e7\u00e3o de b\u00f4nus aos<br \/>integrantes do Quadro do Magist\u00e9rio e d\u00e1<br \/>outras provid\u00eancias (clique aqui)<\/a><\/em><\/span><\/p>\n<p style=\"text-align: center;\"><span style=\"color: #000000;\"><strong>12 &#8211; REGIME PR\u00d3PRIO DE PREVID\u00caNCIA<\/strong><\/span><\/p>\n<p style=\"text-align: center;\"><span style=\"text-decoration: underline; color: #ff0000;\"><em><a style=\"color: #ff0000; text-decoration: underline;\" href=\"https:\/\/sintramem-sv.org.br\/sintramem\/wp-content\/uploads\/2017\/02\/LEI-COMPLEMENTAR-606.pdf\">LEI N\u00ba 606 &#8211; Disp\u00f5e sobre o Regime Pr\u00f3prio de Previd\u00eancia<br \/>Social de S\u00e3o Vicente \u2013 RPPSSV e sobre o<br \/>Instituto de Previd\u00eancia dos Servidores<br \/>Municipais de S\u00e3o Vicente, define o Plano de<br \/>Custeio para o exerc\u00edcio 2010 e seguintes, e d\u00e1<br \/>outras provid\u00eancias (clique aqui)<\/a><\/em><\/span><\/p>\n<p style=\"text-align: center;\"><span style=\"color: #000000;\"><strong>13 &#8211; PLANO DE CUSTEIO DO REGIME PR\u00d3PRIO DE PREVID\u00caNCIA ( 1\u00aa E 2\u00aa MASSA)<\/strong><\/span><\/p>\n<p style=\"text-align: center;\"><span style=\"text-decoration: underline; color: #ff0000;\"><em><a style=\"color: #ff0000; text-decoration: underline;\" href=\"https:\/\/sintramem-sv.org.br\/sintramem\/wp-content\/uploads\/2017\/02\/LEI-COMPLEMENTAR-635.pdf\">LEI N\u00ba 635 &#8211; Disp\u00f5e sobre o Plano de Custeio do Regime<br \/>Pr\u00f3prio de Previd\u00eancia dos Servidores de S\u00e3o<br \/>Vicente e sobre a segrega\u00e7\u00e3o da massa de<br \/>segurados, altera e acrescenta dispositivos \u00e0 Lei<br \/>Complementar n.\u00ba 606, de 18.12.09, e d\u00e1 outras<br \/>provid\u00eancias (clique aqui)<\/a><br \/><span style=\"color: #ff0000; text-decoration: underline;\"><a style=\"color: #ff0000; text-decoration: underline;\" href=\"https:\/\/sintramem-sv.org.br\/sintramem\/wp-content\/uploads\/2023\/09\/LEI-1124-2023.pdf\">LEI 1124-2023 &#8211; Disp\u00f5e sobre o Plano de Custeio do Regime Pr\u00f3prio de Previd\u00eancia dos Servidores Municipais de S\u00e3o Vicente e sobre a reestrutura\u00e7\u00e3o da segrega\u00e7\u00e3o da massa de segurados, e d\u00e1 outras<br \/>provid\u00eancias.<\/a><\/span><br \/><\/em><\/span><\/p>\n<p style=\"text-align: center;\"><span style=\"color: #000000;\"><strong>14 &#8211; FALTA PARA ACOMPANHAR FILHO AT\u00c9 15 ANOS, FALTA PARA GESTANTE PARA CONSULTA E VALE TRANSPORTE<\/strong><\/span><\/p>\n<p style=\"text-align: center;\"><span style=\"text-decoration: underline; color: #ff0000;\"><em><a style=\"color: #ff0000; text-decoration: underline;\" href=\"https:\/\/sintramem-sv.org.br\/sintramem\/wp-content\/uploads\/2017\/02\/LICENCA-ACOMPANTE-GESTANTE-UM-DIA-E-VALE-TRANSPORTE.pdf\">LEI N\u00ba 2303 &#8211; Estende a todos os servidores municipais os<br \/>direitos previstos nos artigos 169 e 201 e seus<br \/>par\u00e1grafos da Lei n.\u00ba 1780\/78 \u2013 Estatuto dos<br \/>Funcion\u00e1rios P\u00fablicos do Munic\u00edpio de S\u00e3o<br \/>Vicente e d\u00e1 outras provid\u00eancias (clique aqui)<\/a><\/em><\/span><\/p>\n<p style=\"text-align: center;\"><span style=\"color: #000000;\"><strong>15 &#8211; ZELADORIA DE ESCOLA<\/strong><\/span><\/p>\n<p style=\"text-align: center;\"><span style=\"text-decoration: underline; color: #ff0000;\"><em><a style=\"color: #ff0000; text-decoration: underline;\" href=\"https:\/\/sintramem-sv.org.br\/sintramem\/wp-content\/uploads\/2017\/02\/LEI-1415-A-ZELADORIA-DE-ESCOLA.pdf\">LEI N\u00ba 1415 &#8211; A &#8211; Autoriza o Poder Executivo a ceder as<br \/>depend\u00eancias da zeladoria das unidades<br \/>escolares da rede municipal de ensino a<br \/>funcion\u00e1rios p\u00fablicos municipais ou<br \/>estaduais (clique aqui)<\/a><\/em><\/span><\/p>\n<p style=\"text-align: center;\"><span style=\"color: #000000;\"><strong>16 &#8211; ALTERA DENOMINA\u00c7\u00c3O DOS CENTROS DE SUPL\u00caNCIA<\/strong><\/span><\/p>\n<p style=\"text-align: center;\"><span style=\"text-decoration: underline; color: #ff0000;\"><em><a style=\"color: #ff0000; text-decoration: underline;\" href=\"https:\/\/sintramem-sv.org.br\/sintramem\/wp-content\/uploads\/2017\/02\/RES.-04-2016-CEJAIN-CEJACON.pdf\">LEI N\u00ba 4376-A \/ 2016 (clique aqui)<\/a><\/em><\/span><\/p>\n<p style=\"text-align: center;\"><span style=\"color: #000000;\"><strong>17 &#8211; PLANO DE CARGOS E CARREIRA DO MAGIST\u00c9RIO<\/strong><\/span><\/p>\n<p style=\"text-align: center;\"><span style=\"text-decoration: underline; color: #ff0000;\"><em><a style=\"color: #ff0000; text-decoration: underline;\" href=\"https:\/\/sintramem-sv.org.br\/sintramem\/wp-content\/uploads\/2017\/02\/LEI-COMPLEMENTAR-268-INSTITUI-O-PLANO-DE-CARGOS-E-CARREIRAS.pdf\">LEI COMPLEMENTAR N\u00ba 268 (clique aqui)<\/a><\/em><\/span><\/p>\n<p style=\"text-align: center;\"><span style=\"text-decoration: underline; color: #ff0000;\"><em><a style=\"color: #ff0000; text-decoration: underline;\" href=\"https:\/\/sintramem-sv.org.br\/sintramem\/wp-content\/uploads\/2017\/02\/LEI-COMPLEMENTAR-594-ALTERA-A-L.C.-268-E-CRIA-CARGOS.pdf\">LEI COMPLEMENTAR 594 (ALTERA A L.C. 268 E CRIA CARGOS) (clique aqui)<\/a><\/em><\/span><\/p>\n<p style=\"text-align: center;\"><span style=\"text-decoration: underline; color: #ff0000;\"><em><a style=\"color: #ff0000; text-decoration: underline;\" href=\"https:\/\/sintramem-sv.org.br\/sintramem\/wp-content\/uploads\/2017\/02\/LEI-COMPLEMENTAR-633.pdf\">LEI COMPLEMENTAR N\u00ba 633(ALTERA A L.C. 268 E CRIA CARGOS) (clique aqui)<\/a><\/em><\/span><\/p>\n<p style=\"text-align: center;\"><span style=\"text-decoration: underline; color: #ff0000;\"><em><a style=\"color: #ff0000; text-decoration: underline;\" href=\"https:\/\/sintramem-sv.org.br\/sintramem\/wp-content\/uploads\/2017\/02\/LEI-COMPLEMENTAR-682-1.pdf\">LEI COMPLEMENTAR 682 (clique aqui)<\/a><\/em><\/span><\/p>\n<p style=\"text-align: center;\"><span style=\"text-decoration: underline; color: #ff0000;\"><em><a style=\"color: #ff0000; text-decoration: underline;\" href=\"https:\/\/sintramem-sv.org.br\/sintramem\/wp-content\/uploads\/2017\/02\/LEI-COMPLEMENTAR-797.pdf\">LEI COMPLEMENTAR 797 (clique aqui)<\/a><\/em><\/span><\/p>\n<p style=\"text-align: center;\"><span style=\"text-decoration: underline; color: #ff0000;\"><em><a style=\"color: #ff0000; text-decoration: underline;\" href=\"https:\/\/sintramem-sv.org.br\/sintramem\/wp-content\/uploads\/2017\/02\/LEI-COMPLEMENTAR-757.pdf\">LEI COMPLEMENTAR 757 (clique aqui)<\/a><\/em><\/span><\/p>\n<p style=\"text-align: center;\"><span style=\"text-decoration: underline; color: #ff0000;\"><em><a style=\"color: #ff0000; text-decoration: underline;\" href=\"https:\/\/sintramem-sv.org.br\/sintramem\/wp-content\/uploads\/2017\/02\/lei-495.pdf\">LEI COMPLEMENTAR 495 (clique aqui)<\/a><\/em><\/span><\/p>\n<p style=\"text-align: center;\"><span style=\"text-decoration: underline; color: #ff0000;\"><em><br \/><\/em><\/span><span style=\"color: #ff0000;\"><span style=\"color: #000000;\"><strong>18 &#8211; DISP\u00d5E SOBRE O REAJUSTE SALARIAL<\/strong><\/span><\/span><\/p>\n<p style=\"text-align: center;\"><span style=\"text-decoration: underline; color: #ff0000;\"><em><a style=\"color: #ff0000; text-decoration: underline;\" href=\"https:\/\/sintramem-sv.org.br\/sintramem\/wp-content\/uploads\/2022\/05\/LC-1045-1.pdf\">LEI\u00a0 N\u00ba 1045 &#8211; Disp\u00f5e sobre o reajuste salarial de que trata o inciso X do artigo 37 da Constitui\u00e7\u00e3o Federal de 1988, fixa o piso ssalarial do Munic\u00edpio de S\u00e3o Vicente, altera o valor da hora-aula dos professores, bem como altera a LC n\u00ba 268, de 28 de dez de 1999 e a LC n\u00ba 806, de 26 de ago de 2015, e d\u00e1 outras provid\u00eancias (clique aqui)<\/a><\/em><\/span><\/p>\n<p style=\"text-align: center;\"><span style=\"text-decoration: underline; color: #ff0000;\"><em><br \/><\/em><\/span><span style=\"color: #000000;\"><strong>19 &#8211; LEI N\u00ba 1047 &#8211; INSTITUI A TABELA SALARIAL<\/strong><span style=\"text-decoration: underline;\"><br \/><\/span><\/span><br \/><em><span style=\"text-decoration: underline; color: #ff0000;\"><a style=\"color: #ff0000; text-decoration: underline;\" href=\"https:\/\/sintramem-sv.org.br\/sintramem\/wp-content\/uploads\/2022\/05\/LC-1047.pdf\">LEI N\u00ba 1047 &#8211; INSTITUI A TABELA SALARIAL DOS OCUPANTES DOS CARGOS DE AGENTE<br \/>DE COMBATE \u00c0S ENDEMIAS, DE AUXILIAR OPERACIONAL DA EDUCA\u00c7\u00c3O I, DE AUXILIAR<br \/>OPERACIONAL DA EDUCA\u00c7\u00c3O II, E DE INSPETOR DE ALUNOS, ALTERA DISPOSITIVOS DA LEI COMPLEMENTAR N.\u00ba 1.045, DE 1\u00ba DE ABRIL DE 2022, E D\u00c1<br \/>OUTRAS PROVID\u00caNCIAS (clique aqui)<\/a><\/span><\/em><\/p>\n<p style=\"text-align: center;\"><strong>20 &#8211; \u00a0LICEN\u00c7A M\u00c9DICA DE UM DIA<br \/><\/strong><em><span style=\"color: #ff0000;\"><a style=\"color: #ff0000;\" href=\"https:\/\/sintramem-sv.org.br\/sintramem\/wp-content\/uploads\/2017\/03\/comunicado-cip.pdf\">ORDEM DE SERVI\u00c7O N\u00ba 002\/2013 (clique aqui)<\/a><\/span><\/em><br \/><em><span style=\"color: #ff0000;\"><a style=\"color: #ff0000;\" href=\"https:\/\/sintramem-sv.org.br\/sintramem\/wp-content\/uploads\/2020\/05\/MSG-30-PROC-122.pdf\" target=\"_blank\" rel=\"noopener noreferrer\">MSG \u2013 30 Plano de Custeio do Regime Pr\u00f3prio de Previd\u00eancia (clique aqui)<\/a>\u00a0<\/span><\/em><\/p>\n<p>\u00a0<\/p>\n<p style=\"text-align: center;\"><strong>21 &#8211; PLANO MUNICIPAL DE EDUCA\u00c7\u00c3O<br \/><\/strong><em><span style=\"color: #ff0000;\"><a style=\"color: #ff0000;\" href=\"https:\/\/sintramem-sv.org.br\/sintramem\/wp-content\/uploads\/2017\/07\/PLANO-MUNICIPAL.pdf\">PLANO MUNICIPAL DE EDUCA\u00c7\u00c3O \u2013 2017 (clique aqui)<\/a><\/span><\/em><\/p>\n<p style=\"text-align: center;\"><strong><br \/>22 &#8211; REDU\u00c7\u00c3O DE CARGA HOR\u00c1RIA<br \/><\/strong><\/p>\n<p style=\"text-align: center;\"><em><a href=\"https:\/\/sintramem-sv.org.br\/sintramem\/wp-content\/uploads\/2023\/05\/LEI-No-4177-A.pdf\"><span style=\"color: #ff0000;\">LEI N\u00ba 4177-A &#8211; Disp\u00f5e sobre a redu\u00e7\u00e3o da carga hor\u00e1ria do servidor p\u00fablico municipal que seja pai ou m\u00e3e, tutor, curador ou respons\u00e1vel por pessoa com necessidades especiais (clique aqui)<\/span><\/a><\/em><\/p>\n<p style=\"text-align: center;\"><strong><br \/>23 &#8211; HTPC<br \/><\/strong><span style=\"color: #ff0000;\"><em><span style=\"color: #ff0000;\"><a style=\"color: #ff0000;\" href=\"https:\/\/sintramem-sv.org.br\/sintramem\/wp-content\/uploads\/2023\/09\/PORTARIA-No-60-2023.pdf\">PORTARIA N\u00ba 60-2023 (clique aqui)<\/a><\/span><br \/><span style=\"color: #ff0000;\"><a style=\"color: #ff0000;\" href=\"https:\/\/sintramem-sv.org.br\/sintramem\/wp-content\/uploads\/2023\/09\/PORTARIA-No-60-2023.pdf\">PORTARIA N\u00ba 89-2023 (clique aqui)<\/a><\/span><br \/><\/em><\/span><\/p>\n<p style=\"text-align: center;\"><strong>24 &#8211; CONSELHO MUNICIPAL DA EDUCA\u00c7\u00c3O<br \/><\/strong><em><span style=\"color: #ff0000;\"><a style=\"color: #ff0000;\" href=\"https:\/\/sintramem-sv.org.br\/sintramem\/wp-content\/uploads\/2023\/06\/LEI-N-3615-A.pdf\">LEI N 3615-A &#8211; LEI QUE DISP\u00d5E SOBRE O CONSELHO MUNICIPAL DA EDUCA\u00c7\u00c3O DE S\u00c3O VICENTE (clique aqui)<\/a><\/span><\/em><\/p>\n<p style=\"text-align: center;\"><em><span style=\"color: #ff0000;\"><a style=\"color: #ff0000;\" href=\"https:\/\/sintramem-sv.org.br\/sintramem\/wp-content\/uploads\/2023\/06\/REGIMENTO-INTERNO-DO-CONSELHO-MUNICIPAL.pdf\">REGIMENTO INTERNO DO CONSELHO MUNICIPAL DA EDUCA\u00c7\u00c3O DE S\u00c3O VICENTE (clique aqui)<\/a><\/span><\/em><\/p>\n<p style=\"text-align: center;\"><strong>25 &#8211; AMEI\u00a0<br \/><\/strong><em><span style=\"color: #ff0000;\"><a style=\"color: #ff0000;\" href=\"https:\/\/sintramem-sv.org.br\/sintramem\/wp-content\/uploads\/2023\/06\/Lei-4301-22-1.pdf\">Lei 4301-22 (clique aqui)<\/a><br \/><a style=\"color: #ff0000;\" href=\"https:\/\/sintramem-sv.org.br\/sintramem\/wp-content\/uploads\/2023\/06\/PORTARIA-34.22-AMEI-Escolas-de-Tempo-Integral.pdf\">PORTARIA 34.22 AMEI &#8211; Escolas de Tempo Integral (clique aqui)<\/a><br \/><a style=\"color: #ff0000;\" href=\"https:\/\/sintramem-sv.org.br\/sintramem\/wp-content\/uploads\/2023\/09\/PORTARIA-No-80-2023.pdf\">PORTARIA N\u00ba 80-2023 (clique aqui)<\/a><br \/><a style=\"color: #ff0000;\" href=\"https:\/\/sintramem-sv.org.br\/sintramem\/wp-content\/uploads\/2024\/05\/LEI-N.o-4506-DE-21-DE-DEZEMBRO-DE-2023.pdf\"><span style=\"text-decoration: underline;\">LEI N.\u00ba 4506, Altera a Lei n.\u00ba 4301\/2022<\/span><\/a><br \/><\/span><\/em><\/p>\n<p style=\"text-align: center;\"><span style=\"color: #ff0000;\"><span style=\"color: #000000;\"><strong>26 &#8211; PONTO<\/strong><\/span><\/span><em><span style=\"color: #ff0000;\"><span style=\"color: #000000;\"><strong><br \/><\/strong><\/span><\/span><\/em><span style=\"text-decoration: underline;\"><a href=\"https:\/\/sintramem-sv.org.br\/sintramem\/wp-content\/uploads\/2023\/08\/5605-A.pdf\"><span style=\"color: #ff0000; text-decoration: underline;\">Decreto 5605 &#8211; Frequ\u00eancia (clique aqui)<\/span><\/a><\/span><em><br \/><a href=\"https:\/\/sintramem-sv.org.br\/sintramem\/wp-content\/uploads\/2023\/06\/PORTARIA-N-702-SEGES-2023.pdf\"><span style=\"text-decoration: underline;\"><span style=\"color: #ff0000; text-decoration: underline;\">PORTARIA N 702\/SEGES\/2023 (clique aqui)<\/span><\/span><\/a><br \/><\/em><\/p>\n<p style=\"text-align: center;\"><strong>27 &#8211; ADCIONAL DE COMPLEXIDADE<br \/><\/strong><em><a href=\"https:\/\/sintramem-sv.org.br\/sintramem\/wp-content\/uploads\/2023\/06\/LEI-COMPLEMENTAR-1104-DE-26.04.23.pdf\"><span style=\"color: #ff0000;\">LEI COMPLEMENTAR 1104 DE 26.04.23 (clique aqui)<\/span><\/a><\/em><br \/><a href=\"https:\/\/sintramem-sv.org.br\/sintramem\/wp-content\/uploads\/2023\/06\/LEI-COMPLEMENTAR-1112-DE-02.06.23.pdf\"><em><span style=\"color: #ff0000;\">LEI COMPLEMENTAR 1112 DE 02.06.23 (clique aqui)<\/span><\/em><\/a><br \/><a href=\"https:\/\/sintramem-sv.org.br\/sintramem\/wp-content\/uploads\/2023\/09\/PORTARIA-No-58-2023.pdf\"><span style=\"color: #ff0000;\">PORTARIA N\u00ba 58-2023 (clique aqui)<\/span><\/a><\/p>\n<p style=\"text-align: center;\"><strong>28 &#8211; PR\u00caMIO<br \/><\/strong><a href=\"https:\/\/sintramem-sv.org.br\/sintramem\/wp-content\/uploads\/2023\/06\/LEI-COMPLEMENTAR-N.o-1076-DE-28-DE-OUTUBRO-2022.pdf\"><span style=\"text-decoration: underline;\"><em><span style=\"color: #ff0000; text-decoration: underline;\">LEI COMPLEMENTAR N.\u00ba 1076, DE 28 DE OUTUBRO 2022 (clique aqui)<\/span><\/em><\/span><\/a><br \/><a href=\"https:\/\/sintramem-sv.org.br\/sintramem\/wp-content\/uploads\/2023\/06\/PORTARIA-N7-2023-PREMIO.pdf\"><span style=\"text-decoration: underline;\"><em><span style=\"color: #ff0000; text-decoration: underline;\">PORTARIA N7-2023 PR\u00caMIO (clique aqui)<\/span><\/em><\/span><\/a><br \/><a href=\"https:\/\/sintramem-sv.org.br\/sintramem\/wp-content\/uploads\/2023\/06\/portaria-45_2022-regulamento-o-pagamento-do-premio-do-magisterio-2022.pdf\"><span style=\"text-decoration: underline;\"><em><span style=\"color: #ff0000; text-decoration: underline;\">PORTARIA 45\/2022 &#8211; Regulamento o pagamento do pr\u00eamio do magist\u00e9rio 2022 (clique aqui)<\/span><\/em><\/span><\/a><\/p>\n<p style=\"text-align: center;\"><strong>29 &#8211; ARTIGO 26<br \/><\/strong><span style=\"color: #ff0000;\"><a style=\"color: #ff0000;\" href=\"https:\/\/sintramem-sv.org.br\/sintramem\/wp-content\/uploads\/2023\/09\/PORTARIA-No-70-2023.pdf\">PORTARIA N\u00ba 70-2023 (clique aqui)<\/a><\/span><\/p>\n<p style=\"text-align: center;\"><strong>30 &#8211; M\u00d3DULO DO SUPORTE PEDAG\u00d3GICO E APOIO ESCOLAR<br \/><\/strong><span style=\"color: #ff0000;\"><a style=\"color: #ff0000;\" href=\"https:\/\/sintramem-sv.org.br\/sintramem\/wp-content\/uploads\/2023\/09\/PORTARIA-No-73-2023.pdf\">PORTARIA N\u00ba 73-2023 (clique aqui)<\/a><\/span><\/p>\n<p style=\"text-align: center;\"><strong>31 &#8211; PROMO\u00c7\u00c3O 2023<br \/><\/strong><span style=\"color: #ff0000;\">PORTARIA N\u00ba 82-2023 &#8211; Estabelece diretrizes para promo\u00e7\u00e3o \u00e0 Classe de Suporte Pedag\u00f3gico e \u00e0<\/span><br \/><a href=\"https:\/\/sintramem-sv.org.br\/sintramem\/wp-content\/uploads\/2023\/09\/PORTARIA-No-82-2023.pdf\"><span style=\"color: #ff0000;\">Classe de Docente Titular I e II (clique aqui)<\/span><\/a><\/p>\n<p><strong>32 &#8211; READAPTA\u00c7\u00c3O<br \/><\/strong><a href=\"https:\/\/sintramem-sv.org.br\/sintramem\/wp-content\/uploads\/2023\/11\/Lei-1130.23-Readaptacao.pdf\"><span style=\"color: #ff0000;\">LEI COMPLEMENTAR N.\u00ba 1130\/23 &#8211; Disp\u00f5e sobre a readapta\u00e7\u00e3o por restri\u00e7\u00e3o funcional de servidores p\u00fablicos municipais (clique aqui).<\/span><\/a><strong><br \/><\/strong><\/p>\n\n","protected":false},"excerpt":{"rendered":"<p>1 &#8211; ESTATUTO DOS FUNCION\u00c1RIOS P\u00daBLICOS DE S\u00c3O VICENTE LEI N\u00ba 1780\/1978. &#8211; ESTATUTO DOS FUNCION\u00c1RIOS P\u00daBLICOS DE S\u00c3O VICENTE (clique aqui) 2 &#8211; ALTERA\u00c7\u00d5ES NO ESTATUTO DO SERVIDOR LEI N\u00ba 19 &#8211; Concede aos servidores municipais a sexta-parte e adicional por tempo de servi\u00e7o. (clique aqui) LEI N\u00ba 2303 &#8211; Estende a todos os&hellip;<\/p>\n","protected":false},"author":1,"featured_media":0,"parent":186,"menu_order":1,"comment_status":"closed","ping_status":"closed","template":"","meta":{"_monsterinsights_skip_tracking":false,"_monsterinsights_sitenote_active":false,"_monsterinsights_sitenote_note":"","_monsterinsights_sitenote_category":0,"footnotes":""},"class_list":["post-630","page","type-page","status-publish","hentry"],"yoast_head":"<!-- This site is optimized with the Yoast SEO plugin v27.0 - https:\/\/yoast.com\/product\/yoast-seo-wordpress\/ -->\n<title>Legisla\u00e7\u00e3o Municipal - SINTRAMEM<\/title>\n<meta name=\"robots\" content=\"index, follow, max-snippet:-1, max-image-preview:large, max-video-preview:-1\" \/>\n<link rel=\"canonical\" href=\"https:\/\/sintramem-sv.org.br\/sintramem\/sintramem\/legislacao\/leis-municipais\/\" \/>\n<meta property=\"og:locale\" content=\"pt_BR\" \/>\n<meta property=\"og:type\" content=\"article\" \/>\n<meta property=\"og:title\" content=\"Legisla\u00e7\u00e3o Municipal - SINTRAMEM\" \/>\n<meta property=\"og:description\" content=\"1 &#8211; ESTATUTO DOS FUNCION\u00c1RIOS P\u00daBLICOS DE S\u00c3O VICENTE LEI N\u00ba 1780\/1978. &#8211; ESTATUTO DOS FUNCION\u00c1RIOS P\u00daBLICOS DE S\u00c3O VICENTE (clique aqui) 2 &#8211; ALTERA\u00c7\u00d5ES NO ESTATUTO DO SERVIDOR LEI N\u00ba 19 &#8211; Concede aos servidores municipais a sexta-parte e adicional por tempo de servi\u00e7o. (clique aqui) LEI N\u00ba 2303 &#8211; Estende a todos os&hellip;\" \/>\n<meta property=\"og:url\" content=\"https:\/\/sintramem-sv.org.br\/sintramem\/sintramem\/legislacao\/leis-municipais\/\" \/>\n<meta property=\"og:site_name\" content=\"SINTRAMEM\" \/>\n<meta property=\"article:modified_time\" content=\"2024-06-24T18:13:58+00:00\" \/>\n<meta name=\"twitter:card\" content=\"summary_large_image\" \/>\n<meta name=\"twitter:label1\" content=\"Est. tempo de leitura\" \/>\n\t<meta name=\"twitter:data1\" content=\"8 minutos\" \/>\n<script type=\"application\/ld+json\" class=\"yoast-schema-graph\">{\"@context\":\"https:\/\/schema.org\",\"@graph\":[{\"@type\":\"WebPage\",\"@id\":\"https:\/\/sintramem-sv.org.br\/sintramem\/sintramem\/legislacao\/leis-municipais\/\",\"url\":\"https:\/\/sintramem-sv.org.br\/sintramem\/sintramem\/legislacao\/leis-municipais\/\",\"name\":\"Legisla\u00e7\u00e3o Municipal - SINTRAMEM\",\"isPartOf\":{\"@id\":\"https:\/\/sintramem-sv.org.br\/sintramem\/#website\"},\"datePublished\":\"2017-02-20T19:41:36+00:00\",\"dateModified\":\"2024-06-24T18:13:58+00:00\",\"breadcrumb\":{\"@id\":\"https:\/\/sintramem-sv.org.br\/sintramem\/sintramem\/legislacao\/leis-municipais\/#breadcrumb\"},\"inLanguage\":\"pt-BR\",\"potentialAction\":[{\"@type\":\"ReadAction\",\"target\":[\"https:\/\/sintramem-sv.org.br\/sintramem\/sintramem\/legislacao\/leis-municipais\/\"]}]},{\"@type\":\"BreadcrumbList\",\"@id\":\"https:\/\/sintramem-sv.org.br\/sintramem\/sintramem\/legislacao\/leis-municipais\/#breadcrumb\",\"itemListElement\":[{\"@type\":\"ListItem\",\"position\":1,\"name\":\"In\u00edcio\",\"item\":\"https:\/\/sintramem-sv.org.br\/sintramem\/\"},{\"@type\":\"ListItem\",\"position\":2,\"name\":\"INSTITUCIONAL\",\"item\":\"https:\/\/sintramem-sv.org.br\/sintramem\/sintramem\/\"},{\"@type\":\"ListItem\",\"position\":3,\"name\":\"Legisla\u00e7\u00e3o\",\"item\":\"https:\/\/sintramem-sv.org.br\/sintramem\/sintramem\/legislacao\/\"},{\"@type\":\"ListItem\",\"position\":4,\"name\":\"Legisla\u00e7\u00e3o Municipal\"}]},{\"@type\":\"WebSite\",\"@id\":\"https:\/\/sintramem-sv.org.br\/sintramem\/#website\",\"url\":\"https:\/\/sintramem-sv.org.br\/sintramem\/\",\"name\":\"SINTRAMEM\",\"description\":\"Sindicato dos Trabalhadores no Magist\u00e9rio e na Educa\u00e7\u00e3o de S\u00e3o Vicente\",\"publisher\":{\"@id\":\"https:\/\/sintramem-sv.org.br\/sintramem\/#organization\"},\"potentialAction\":[{\"@type\":\"SearchAction\",\"target\":{\"@type\":\"EntryPoint\",\"urlTemplate\":\"https:\/\/sintramem-sv.org.br\/sintramem\/?s={search_term_string}\"},\"query-input\":{\"@type\":\"PropertyValueSpecification\",\"valueRequired\":true,\"valueName\":\"search_term_string\"}}],\"inLanguage\":\"pt-BR\"},{\"@type\":\"Organization\",\"@id\":\"https:\/\/sintramem-sv.org.br\/sintramem\/#organization\",\"name\":\"SINTRAMEM\",\"url\":\"https:\/\/sintramem-sv.org.br\/sintramem\/\",\"logo\":{\"@type\":\"ImageObject\",\"inLanguage\":\"pt-BR\",\"@id\":\"https:\/\/sintramem-sv.org.br\/sintramem\/#\/schema\/logo\/image\/\",\"url\":\"https:\/\/sintramem-sv.org.br\/sintramem\/wp-content\/uploads\/2017\/02\/SINTRAMEM-LOGO-OFICIAL-300x100-jpg.jpg\",\"contentUrl\":\"https:\/\/sintramem-sv.org.br\/sintramem\/wp-content\/uploads\/2017\/02\/SINTRAMEM-LOGO-OFICIAL-300x100-jpg.jpg\",\"width\":150,\"height\":150,\"caption\":\"SINTRAMEM\"},\"image\":{\"@id\":\"https:\/\/sintramem-sv.org.br\/sintramem\/#\/schema\/logo\/image\/\"}}]}<\/script>\n<!-- \/ Yoast SEO plugin. -->","yoast_head_json":{"title":"Legisla\u00e7\u00e3o Municipal - SINTRAMEM","robots":{"index":"index","follow":"follow","max-snippet":"max-snippet:-1","max-image-preview":"max-image-preview:large","max-video-preview":"max-video-preview:-1"},"canonical":"https:\/\/sintramem-sv.org.br\/sintramem\/sintramem\/legislacao\/leis-municipais\/","og_locale":"pt_BR","og_type":"article","og_title":"Legisla\u00e7\u00e3o Municipal - SINTRAMEM","og_description":"1 &#8211; ESTATUTO DOS FUNCION\u00c1RIOS P\u00daBLICOS DE S\u00c3O VICENTE LEI N\u00ba 1780\/1978. &#8211; ESTATUTO DOS FUNCION\u00c1RIOS P\u00daBLICOS DE S\u00c3O VICENTE (clique aqui) 2 &#8211; ALTERA\u00c7\u00d5ES NO ESTATUTO DO SERVIDOR LEI N\u00ba 19 &#8211; Concede aos servidores municipais a sexta-parte e adicional por tempo de servi\u00e7o. (clique aqui) LEI N\u00ba 2303 &#8211; Estende a todos os&hellip;","og_url":"https:\/\/sintramem-sv.org.br\/sintramem\/sintramem\/legislacao\/leis-municipais\/","og_site_name":"SINTRAMEM","article_modified_time":"2024-06-24T18:13:58+00:00","twitter_card":"summary_large_image","twitter_misc":{"Est. tempo de leitura":"8 minutos"},"schema":{"@context":"https:\/\/schema.org","@graph":[{"@type":"WebPage","@id":"https:\/\/sintramem-sv.org.br\/sintramem\/sintramem\/legislacao\/leis-municipais\/","url":"https:\/\/sintramem-sv.org.br\/sintramem\/sintramem\/legislacao\/leis-municipais\/","name":"Legisla\u00e7\u00e3o Municipal - SINTRAMEM","isPartOf":{"@id":"https:\/\/sintramem-sv.org.br\/sintramem\/#website"},"datePublished":"2017-02-20T19:41:36+00:00","dateModified":"2024-06-24T18:13:58+00:00","breadcrumb":{"@id":"https:\/\/sintramem-sv.org.br\/sintramem\/sintramem\/legislacao\/leis-municipais\/#breadcrumb"},"inLanguage":"pt-BR","potentialAction":[{"@type":"ReadAction","target":["https:\/\/sintramem-sv.org.br\/sintramem\/sintramem\/legislacao\/leis-municipais\/"]}]},{"@type":"BreadcrumbList","@id":"https:\/\/sintramem-sv.org.br\/sintramem\/sintramem\/legislacao\/leis-municipais\/#breadcrumb","itemListElement":[{"@type":"ListItem","position":1,"name":"In\u00edcio","item":"https:\/\/sintramem-sv.org.br\/sintramem\/"},{"@type":"ListItem","position":2,"name":"INSTITUCIONAL","item":"https:\/\/sintramem-sv.org.br\/sintramem\/sintramem\/"},{"@type":"ListItem","position":3,"name":"Legisla\u00e7\u00e3o","item":"https:\/\/sintramem-sv.org.br\/sintramem\/sintramem\/legislacao\/"},{"@type":"ListItem","position":4,"name":"Legisla\u00e7\u00e3o Municipal"}]},{"@type":"WebSite","@id":"https:\/\/sintramem-sv.org.br\/sintramem\/#website","url":"https:\/\/sintramem-sv.org.br\/sintramem\/","name":"SINTRAMEM","description":"Sindicato dos Trabalhadores no Magist\u00e9rio e na Educa\u00e7\u00e3o de S\u00e3o Vicente","publisher":{"@id":"https:\/\/sintramem-sv.org.br\/sintramem\/#organization"},"potentialAction":[{"@type":"SearchAction","target":{"@type":"EntryPoint","urlTemplate":"https:\/\/sintramem-sv.org.br\/sintramem\/?s={search_term_string}"},"query-input":{"@type":"PropertyValueSpecification","valueRequired":true,"valueName":"search_term_string"}}],"inLanguage":"pt-BR"},{"@type":"Organization","@id":"https:\/\/sintramem-sv.org.br\/sintramem\/#organization","name":"SINTRAMEM","url":"https:\/\/sintramem-sv.org.br\/sintramem\/","logo":{"@type":"ImageObject","inLanguage":"pt-BR","@id":"https:\/\/sintramem-sv.org.br\/sintramem\/#\/schema\/logo\/image\/","url":"https:\/\/sintramem-sv.org.br\/sintramem\/wp-content\/uploads\/2017\/02\/SINTRAMEM-LOGO-OFICIAL-300x100-jpg.jpg","contentUrl":"https:\/\/sintramem-sv.org.br\/sintramem\/wp-content\/uploads\/2017\/02\/SINTRAMEM-LOGO-OFICIAL-300x100-jpg.jpg","width":150,"height":150,"caption":"SINTRAMEM"},"image":{"@id":"https:\/\/sintramem-sv.org.br\/sintramem\/#\/schema\/logo\/image\/"}}]}},"_links":{"self":[{"href":"https:\/\/sintramem-sv.org.br\/sintramem\/wp-json\/wp\/v2\/pages\/630","targetHints":{"allow":["GET"]}}],"collection":[{"href":"https:\/\/sintramem-sv.org.br\/sintramem\/wp-json\/wp\/v2\/pages"}],"about":[{"href":"https:\/\/sintramem-sv.org.br\/sintramem\/wp-json\/wp\/v2\/types\/page"}],"author":[{"embeddable":true,"href":"https:\/\/sintramem-sv.org.br\/sintramem\/wp-json\/wp\/v2\/users\/1"}],"replies":[{"embeddable":true,"href":"https:\/\/sintramem-sv.org.br\/sintramem\/wp-json\/wp\/v2\/comments?post=630"}],"version-history":[{"count":149,"href":"https:\/\/sintramem-sv.org.br\/sintramem\/wp-json\/wp\/v2\/pages\/630\/revisions"}],"predecessor-version":[{"id":7403,"href":"https:\/\/sintramem-sv.org.br\/sintramem\/wp-json\/wp\/v2\/pages\/630\/revisions\/7403"}],"up":[{"embeddable":true,"href":"https:\/\/sintramem-sv.org.br\/sintramem\/wp-json\/wp\/v2\/pages\/186"}],"wp:attachment":[{"href":"https:\/\/sintramem-sv.org.br\/sintramem\/wp-json\/wp\/v2\/media?parent=630"}],"curies":[{"name":"wp","href":"https:\/\/api.w.org\/{rel}","templated":true}]}}