{"id":524,"date":"2017-02-10T16:41:07","date_gmt":"2017-02-10T16:41:07","guid":{"rendered":"http:\/\/sintramem-sv.org.br\/sintramem\/?page_id=524"},"modified":"2023-05-02T19:34:47","modified_gmt":"2023-05-02T19:34:47","slug":"decreto","status":"publish","type":"page","link":"https:\/\/sintramem-sv.org.br\/sintramem\/sintramem\/legislacao\/decreto\/","title":{"rendered":"Decretos"},"content":{"rendered":"<div dir=\"auto\" style=\"text-align: center;\"><strong>DECRETO 5605-A &#8211; Disp\u00f5e sobre o hor\u00e1rio de funcionamento das unidades integrantes dos \u00f3rg\u00e3os, o cumprimento das jornadas de trabalho, o registro de frequ\u00eancia, o ponto eletr\u00f4nico e a realiza\u00e7\u00e3o e o pagamento das horas extras Administra\u00e7\u00e3o P\u00fablica Municipal Direta de S\u00e3o Vicente.\u00a0<br \/><br \/><a href=\"https:\/\/sintramem-sv.org.br\/sintramem\/wp-content\/uploads\/2023\/05\/decreto-5605-a.pdf\">DECRETO 5605-A &#8211; (clique aqui)<\/a><br \/><br \/><br \/>DECRETO &#8211; 5658-A &#8211; DISP\u00d5E SOBRE OS PROCESSOS DE INSCRI\u00c7\u00c3O PARA REMANEJAMENTO INTERNO (Atribui\u00e7\u00e3o 2021)<\/strong>\n<p>\u00a0<\/p>\n<p><strong><a href=\"https:\/\/sintramem-sv.org.br\/sintramem\/wp-content\/uploads\/2021\/10\/DECRETO-5658-A.pdf\">DECRETO &#8211; 5658-A (clique aqui)<\/a><\/strong><\/p>\n<p>\u00a0<\/p>\n<p><strong>DECRETO &#8211; 5643-A &#8211; NOMEIA OS MEMBROS DO COMIT\u00ca DE INVESTIMENTOS NO \u00c2MBITO DO IPRESV<\/strong><\/p>\n<\/div>\n<div dir=\"auto\" style=\"text-align: center;\"><strong><strong><a href=\"https:\/\/sintramem-sv.org.br\/sintramem\/wp-content\/uploads\/2021\/09\/DECRETO-No-5643-A.pdf\">DECRETO &#8211; 5643-A (clique aqui)<\/a><\/strong><\/strong>\n<p>\u00a0<\/p>\n<p>\u00a0<\/p>\n<p><strong style=\"font-size: inherit;\">DECRETO &#8211; 5641-A &#8211; SUBSTITUI INTEGRANTES DO CONSELHO DE ALIMENTA\u00c7\u00c3O ESCOLAR, E D\u00c1 OUTRAS PROVID\u00caNCIAS, PARA A GEST\u00c3O 2019\/2023.<\/strong><\/p>\n<\/div>\n<div dir=\"auto\" style=\"text-align: center;\"><strong><a href=\"https:\/\/sintramem-sv.org.br\/sintramem\/wp-content\/uploads\/2021\/09\/DECRETO-No-5641-A.pdf\">DECRETO &#8211; 5641-A (clique aqui)<\/a><\/strong>\n<p>\u00a0<\/p>\n<p><strong>DECRETO 5554-A &#8211; NOMEA\u00c7\u00c3O MEMBROS FUNDEB<\/strong><\/p>\n<\/div>\n<p style=\"text-align: center;\"><strong><a href=\"https:\/\/sintramem-sv.org.br\/sintramem\/wp-content\/uploads\/2021\/09\/Decreto-5554-A-Nomeia-dos-membros-FUNDEB.pdf\">DECRETO &#8211; 5554-A (clique aqui)<\/a><\/strong><\/p>\n<p>\u00a0<\/p>\n<p style=\"text-align: center;\"><strong>DECRETO 5552-A RETOMADA DAS AULAS<\/strong><\/p>\n<p style=\"text-align: center;\"><strong><a href=\"https:\/\/sintramem-sv.org.br\/sintramem\/wp-content\/uploads\/2021\/09\/DECRETO-No-5552-A.pdf\">DECRETO &#8211; 5552-A (clique aqui)<\/a><\/strong><\/p>\n<p>\u00a0<\/p>\n<p style=\"text-align: center;\"><strong>DECRETO 5463-A &#8211; Sobre o funcionamento dos \u00f3rg\u00e3os p\u00fablicos e o cumprimento da jornada de trabalho dos servidores p\u00fablicos &#8211; covid-19<\/strong><\/p>\n<p style=\"text-align: center;\"><strong><a href=\"https:\/\/sintramem-sv.org.br\/sintramem\/wp-content\/uploads\/2021\/09\/Decreto-5463-A.pdf\">DECRETO 5463-A (clique aqui)<\/a><\/strong><\/p>\n<p>\u00a0<\/p>\n<p style=\"text-align: center;\"><strong>DECRETO 5632-A &#8211; RETORNO PRESENCIAL DO ATENDIMENTO DA PREFEITURA MUNICIPAL DE S\u00c3O VICENTE SOBRE A OBRIGATORIEDADE DE VACINA\u00c7\u00c3O DO SERVIDOR P\u00daBLICO.<\/strong><\/p>\n<div dir=\"auto\" style=\"text-align: center;\"><strong><a href=\"https:\/\/sintramem-sv.org.br\/sintramem\/wp-content\/uploads\/2021\/08\/DECRETO-No-5632-A.pdf\">DECRETO &#8211; 5632-A (clique aqui)<\/a><\/strong>\n<p>\u00a0<\/p>\n<\/div>\n<p style=\"text-align: center;\"><strong>DECRETO &#8211; 5559-A \u00a0&#8211; MEDIDAS DURANTE A FASE VERMELHA NA CIDADE DE S\u00c3O VICENTE<\/strong><\/p>\n<p style=\"text-align: center;\"><strong><a href=\"https:\/\/sintramem-sv.org.br\/sintramem\/wp-content\/uploads\/2021\/09\/DECRETO-No-5559-A.pdf\">DECRETO &#8211; 5559-A (clique aqui)<\/a><\/strong><\/p>\n<p>\u00a0<\/p>\n<p style=\"text-align: center;\"><strong>DECRETO 5214-A &#8211;\u00a0 Reorganiza o calend\u00e1rio escolar &#8211; surto COVID-19<\/strong><\/p>\n<p style=\"text-align: center;\"><strong><a href=\"https:\/\/sintramem-sv.org.br\/sintramem\/wp-content\/uploads\/2021\/09\/Decreto-5214-A.pdf\">DECRETO 5214-A (clique aqui)<\/a><\/strong><\/p>\n<p>\u00a0<\/p>\n<p style=\"text-align: center;\"><strong>DECRETO 5318-A &#8211; Atribui\u00e7\u00e3o, Remo\u00e7\u00e3o, Remanejamento e Promo\u00e7\u00e3o 2020\/2021<\/strong><\/p>\n<p style=\"text-align: center;\"><strong><a href=\"https:\/\/sintramem-sv.org.br\/sintramem\/wp-content\/uploads\/2021\/09\/Decreto-5318-A.pdf\">DECRETO 5318-A (clique aqui)<\/a><\/strong><\/p>\n<p>\u00a0<\/p>\n<p style=\"text-align: center;\"><strong>NOVO PROTOCOLO ATENDIMENTO DA PER\u00cdCIA M\u00c9DICA<\/strong><\/p>\n<p style=\"text-align: center;\"><strong><a href=\"https:\/\/sintramem-sv.org.br\/sintramem\/wp-content\/uploads\/2020\/03\/NOVO-PROTOCOLO-ATENDIMENTO-PERICIA-MEDICA.pdf.pdf\" target=\"_blank\" rel=\"noopener noreferrer\">PROTOCOLO DA PER\u00cdCIA <\/a><a href=\"https:\/\/sintramem-sv.org.br\/sintramem\/wp-content\/uploads\/2021\/08\/DECRETO-No-5632-A.pdf\">(clique aqui)<\/a><\/strong><\/p>\n<p>\u00a0<\/p>\n<p style=\"text-align: center;\"><strong>DECRETO &#8211; 5198 \u00a0&#8211; RESTRI\u00c7\u00d5ES &#8211; QUARENTENA CORONAV\u00cdRUS<\/strong><\/p>\n<p style=\"text-align: center;\"><strong><a href=\"https:\/\/sintramem-sv.org.br\/sintramem\/wp-content\/uploads\/2021\/09\/DECRETO-No-5198-A.pdf\">DECRETO &#8211; 5198 (clique aqui)<\/a><\/strong><\/p>\n<p>\u00a0<\/p>\n<p style=\"text-align: center;\"><strong>DECRETO &#8211; 5197 \u00a0&#8211; CALAMIDADE P\u00daBLICA &#8211; S\u00c3O VICENTE<\/strong><\/p>\n<p style=\"text-align: center;\"><strong><a href=\"https:\/\/sintramem-sv.org.br\/sintramem\/wp-content\/uploads\/2021\/09\/DECRETO-No-5197-A.pdf\">DECRETO &#8211; 5197 (clique aqui)<\/a><\/strong><\/p>\n<p>\u00a0<\/p>\n<p style=\"text-align: center;\"><strong>DECRETO 5192 \u00a0&#8211; COVID-19<\/strong><\/p>\n<p style=\"text-align: center;\"><strong><a href=\"https:\/\/sintramem-sv.org.br\/sintramem\/wp-content\/uploads\/2021\/09\/DECRETO-No-5192-A.pdf\">DECRETO 5192 (clique aqui)<\/a><\/strong><\/p>\n<p style=\"text-align: center;\"><strong><span style=\"color: #000000;\"><br \/>DECRETO 4340-A \u00a0&#8211; AULAS EXCEDENTES (2017)<\/span><\/strong><\/p>\n<p style=\"text-align: center;\"><strong><a href=\"https:\/\/sintramem-sv.org.br\/sintramem\/wp-content\/uploads\/2017\/02\/Decreto-4340-A.-normas-de-excepcionalidade-2017.pdf\">DECRETO 4340-A (clique aqui)<\/a><\/strong><\/p>\n<p style=\"text-align: center;\"><strong><span style=\"color: #000000;\"><br \/>DECRETO 4336.A &#8211; FORMA DE PAGAMENTO PARA PEB I QUE SUBSTITUI AULAS DE ARTE, ED.F\u00cdSICA E INT\u00c9RPRETE DE LIBRAS<\/span><\/strong><\/p>\n<p style=\"text-align: center;\"><strong><a href=\"https:\/\/sintramem-sv.org.br\/sintramem\/wp-content\/uploads\/2017\/02\/DECRETO-4336.A.pdf\">DECRETO 4336.A (clique aqui)<\/a><\/strong><\/p>\n<p>\u00a0<\/p>\n<p style=\"text-align: center;\"><strong>Decretos n\u00b03670-A e 3706-A &#8211; Sobre a frui\u00e7\u00e3o de faltas abonadas previstas na Lei n\u00b0 1815\u00a0<\/strong><\/p>\n<p style=\"text-align: center;\"><strong><a href=\"https:\/\/sintramem-sv.org.br\/sintramem\/wp-content\/uploads\/2021\/09\/Decretos-3670.A-e-3706-A.pdf\">DECRETOS 3670-A e 3706-A\u00a0 (clique aqui)<\/a><br \/><\/strong><\/p>\n\n","protected":false},"excerpt":{"rendered":"<p>DECRETO 5605-A &#8211; Disp\u00f5e sobre o hor\u00e1rio de funcionamento das unidades integrantes dos \u00f3rg\u00e3os, o cumprimento das jornadas de trabalho, o registro de frequ\u00eancia, o ponto eletr\u00f4nico e a realiza\u00e7\u00e3o e o pagamento das horas extras Administra\u00e7\u00e3o P\u00fablica Municipal Direta de S\u00e3o Vicente.\u00a0 DECRETO 5605-A &#8211; (clique aqui) DECRETO &#8211; 5658-A &#8211; DISP\u00d5E SOBRE OS&hellip;<\/p>\n","protected":false},"author":1,"featured_media":0,"parent":186,"menu_order":2,"comment_status":"closed","ping_status":"closed","template":"","meta":{"_monsterinsights_skip_tracking":false,"_monsterinsights_sitenote_active":false,"_monsterinsights_sitenote_note":"","_monsterinsights_sitenote_category":0,"footnotes":""},"class_list":["post-524","page","type-page","status-publish","hentry"],"yoast_head":"<!-- This site is optimized with the Yoast SEO plugin v27.0 - https:\/\/yoast.com\/product\/yoast-seo-wordpress\/ -->\n<title>Decretos - SINTRAMEM<\/title>\n<meta name=\"robots\" content=\"index, follow, max-snippet:-1, max-image-preview:large, max-video-preview:-1\" \/>\n<link rel=\"canonical\" href=\"https:\/\/sintramem-sv.org.br\/sintramem\/sintramem\/legislacao\/decreto\/\" \/>\n<meta property=\"og:locale\" content=\"pt_BR\" \/>\n<meta property=\"og:type\" content=\"article\" \/>\n<meta property=\"og:title\" content=\"Decretos - SINTRAMEM\" \/>\n<meta property=\"og:description\" content=\"DECRETO 5605-A &#8211; Disp\u00f5e sobre o hor\u00e1rio de funcionamento das unidades integrantes dos \u00f3rg\u00e3os, o cumprimento das jornadas de trabalho, o registro de frequ\u00eancia, o ponto eletr\u00f4nico e a realiza\u00e7\u00e3o e o pagamento das horas extras Administra\u00e7\u00e3o P\u00fablica Municipal Direta de S\u00e3o Vicente.\u00a0 DECRETO 5605-A &#8211; (clique aqui) DECRETO &#8211; 5658-A &#8211; DISP\u00d5E SOBRE OS&hellip;\" \/>\n<meta property=\"og:url\" content=\"https:\/\/sintramem-sv.org.br\/sintramem\/sintramem\/legislacao\/decreto\/\" \/>\n<meta property=\"og:site_name\" content=\"SINTRAMEM\" \/>\n<meta property=\"article:modified_time\" content=\"2023-05-02T19:34:47+00:00\" \/>\n<meta name=\"twitter:card\" content=\"summary_large_image\" \/>\n<meta name=\"twitter:label1\" content=\"Est. tempo de leitura\" \/>\n\t<meta name=\"twitter:data1\" content=\"2 minutos\" \/>\n<script type=\"application\/ld+json\" class=\"yoast-schema-graph\">{\"@context\":\"https:\/\/schema.org\",\"@graph\":[{\"@type\":\"WebPage\",\"@id\":\"https:\/\/sintramem-sv.org.br\/sintramem\/sintramem\/legislacao\/decreto\/\",\"url\":\"https:\/\/sintramem-sv.org.br\/sintramem\/sintramem\/legislacao\/decreto\/\",\"name\":\"Decretos - SINTRAMEM\",\"isPartOf\":{\"@id\":\"https:\/\/sintramem-sv.org.br\/sintramem\/#website\"},\"datePublished\":\"2017-02-10T16:41:07+00:00\",\"dateModified\":\"2023-05-02T19:34:47+00:00\",\"breadcrumb\":{\"@id\":\"https:\/\/sintramem-sv.org.br\/sintramem\/sintramem\/legislacao\/decreto\/#breadcrumb\"},\"inLanguage\":\"pt-BR\",\"potentialAction\":[{\"@type\":\"ReadAction\",\"target\":[\"https:\/\/sintramem-sv.org.br\/sintramem\/sintramem\/legislacao\/decreto\/\"]}]},{\"@type\":\"BreadcrumbList\",\"@id\":\"https:\/\/sintramem-sv.org.br\/sintramem\/sintramem\/legislacao\/decreto\/#breadcrumb\",\"itemListElement\":[{\"@type\":\"ListItem\",\"position\":1,\"name\":\"In\u00edcio\",\"item\":\"https:\/\/sintramem-sv.org.br\/sintramem\/\"},{\"@type\":\"ListItem\",\"position\":2,\"name\":\"INSTITUCIONAL\",\"item\":\"https:\/\/sintramem-sv.org.br\/sintramem\/sintramem\/\"},{\"@type\":\"ListItem\",\"position\":3,\"name\":\"Legisla\u00e7\u00e3o\",\"item\":\"https:\/\/sintramem-sv.org.br\/sintramem\/sintramem\/legislacao\/\"},{\"@type\":\"ListItem\",\"position\":4,\"name\":\"Decretos\"}]},{\"@type\":\"WebSite\",\"@id\":\"https:\/\/sintramem-sv.org.br\/sintramem\/#website\",\"url\":\"https:\/\/sintramem-sv.org.br\/sintramem\/\",\"name\":\"SINTRAMEM\",\"description\":\"Sindicato dos Trabalhadores no Magist\u00e9rio e na Educa\u00e7\u00e3o de S\u00e3o Vicente\",\"publisher\":{\"@id\":\"https:\/\/sintramem-sv.org.br\/sintramem\/#organization\"},\"potentialAction\":[{\"@type\":\"SearchAction\",\"target\":{\"@type\":\"EntryPoint\",\"urlTemplate\":\"https:\/\/sintramem-sv.org.br\/sintramem\/?s={search_term_string}\"},\"query-input\":{\"@type\":\"PropertyValueSpecification\",\"valueRequired\":true,\"valueName\":\"search_term_string\"}}],\"inLanguage\":\"pt-BR\"},{\"@type\":\"Organization\",\"@id\":\"https:\/\/sintramem-sv.org.br\/sintramem\/#organization\",\"name\":\"SINTRAMEM\",\"url\":\"https:\/\/sintramem-sv.org.br\/sintramem\/\",\"logo\":{\"@type\":\"ImageObject\",\"inLanguage\":\"pt-BR\",\"@id\":\"https:\/\/sintramem-sv.org.br\/sintramem\/#\/schema\/logo\/image\/\",\"url\":\"https:\/\/sintramem-sv.org.br\/sintramem\/wp-content\/uploads\/2017\/02\/SINTRAMEM-LOGO-OFICIAL-300x100-jpg.jpg\",\"contentUrl\":\"https:\/\/sintramem-sv.org.br\/sintramem\/wp-content\/uploads\/2017\/02\/SINTRAMEM-LOGO-OFICIAL-300x100-jpg.jpg\",\"width\":150,\"height\":150,\"caption\":\"SINTRAMEM\"},\"image\":{\"@id\":\"https:\/\/sintramem-sv.org.br\/sintramem\/#\/schema\/logo\/image\/\"}}]}<\/script>\n<!-- \/ Yoast SEO plugin. -->","yoast_head_json":{"title":"Decretos - SINTRAMEM","robots":{"index":"index","follow":"follow","max-snippet":"max-snippet:-1","max-image-preview":"max-image-preview:large","max-video-preview":"max-video-preview:-1"},"canonical":"https:\/\/sintramem-sv.org.br\/sintramem\/sintramem\/legislacao\/decreto\/","og_locale":"pt_BR","og_type":"article","og_title":"Decretos - SINTRAMEM","og_description":"DECRETO 5605-A &#8211; Disp\u00f5e sobre o hor\u00e1rio de funcionamento das unidades integrantes dos \u00f3rg\u00e3os, o cumprimento das jornadas de trabalho, o registro de frequ\u00eancia, o ponto eletr\u00f4nico e a realiza\u00e7\u00e3o e o pagamento das horas extras Administra\u00e7\u00e3o P\u00fablica Municipal Direta de S\u00e3o Vicente.\u00a0 DECRETO 5605-A &#8211; (clique aqui) DECRETO &#8211; 5658-A &#8211; DISP\u00d5E SOBRE OS&hellip;","og_url":"https:\/\/sintramem-sv.org.br\/sintramem\/sintramem\/legislacao\/decreto\/","og_site_name":"SINTRAMEM","article_modified_time":"2023-05-02T19:34:47+00:00","twitter_card":"summary_large_image","twitter_misc":{"Est. tempo de leitura":"2 minutos"},"schema":{"@context":"https:\/\/schema.org","@graph":[{"@type":"WebPage","@id":"https:\/\/sintramem-sv.org.br\/sintramem\/sintramem\/legislacao\/decreto\/","url":"https:\/\/sintramem-sv.org.br\/sintramem\/sintramem\/legislacao\/decreto\/","name":"Decretos - SINTRAMEM","isPartOf":{"@id":"https:\/\/sintramem-sv.org.br\/sintramem\/#website"},"datePublished":"2017-02-10T16:41:07+00:00","dateModified":"2023-05-02T19:34:47+00:00","breadcrumb":{"@id":"https:\/\/sintramem-sv.org.br\/sintramem\/sintramem\/legislacao\/decreto\/#breadcrumb"},"inLanguage":"pt-BR","potentialAction":[{"@type":"ReadAction","target":["https:\/\/sintramem-sv.org.br\/sintramem\/sintramem\/legislacao\/decreto\/"]}]},{"@type":"BreadcrumbList","@id":"https:\/\/sintramem-sv.org.br\/sintramem\/sintramem\/legislacao\/decreto\/#breadcrumb","itemListElement":[{"@type":"ListItem","position":1,"name":"In\u00edcio","item":"https:\/\/sintramem-sv.org.br\/sintramem\/"},{"@type":"ListItem","position":2,"name":"INSTITUCIONAL","item":"https:\/\/sintramem-sv.org.br\/sintramem\/sintramem\/"},{"@type":"ListItem","position":3,"name":"Legisla\u00e7\u00e3o","item":"https:\/\/sintramem-sv.org.br\/sintramem\/sintramem\/legislacao\/"},{"@type":"ListItem","position":4,"name":"Decretos"}]},{"@type":"WebSite","@id":"https:\/\/sintramem-sv.org.br\/sintramem\/#website","url":"https:\/\/sintramem-sv.org.br\/sintramem\/","name":"SINTRAMEM","description":"Sindicato dos Trabalhadores no Magist\u00e9rio e na Educa\u00e7\u00e3o de S\u00e3o Vicente","publisher":{"@id":"https:\/\/sintramem-sv.org.br\/sintramem\/#organization"},"potentialAction":[{"@type":"SearchAction","target":{"@type":"EntryPoint","urlTemplate":"https:\/\/sintramem-sv.org.br\/sintramem\/?s={search_term_string}"},"query-input":{"@type":"PropertyValueSpecification","valueRequired":true,"valueName":"search_term_string"}}],"inLanguage":"pt-BR"},{"@type":"Organization","@id":"https:\/\/sintramem-sv.org.br\/sintramem\/#organization","name":"SINTRAMEM","url":"https:\/\/sintramem-sv.org.br\/sintramem\/","logo":{"@type":"ImageObject","inLanguage":"pt-BR","@id":"https:\/\/sintramem-sv.org.br\/sintramem\/#\/schema\/logo\/image\/","url":"https:\/\/sintramem-sv.org.br\/sintramem\/wp-content\/uploads\/2017\/02\/SINTRAMEM-LOGO-OFICIAL-300x100-jpg.jpg","contentUrl":"https:\/\/sintramem-sv.org.br\/sintramem\/wp-content\/uploads\/2017\/02\/SINTRAMEM-LOGO-OFICIAL-300x100-jpg.jpg","width":150,"height":150,"caption":"SINTRAMEM"},"image":{"@id":"https:\/\/sintramem-sv.org.br\/sintramem\/#\/schema\/logo\/image\/"}}]}},"_links":{"self":[{"href":"https:\/\/sintramem-sv.org.br\/sintramem\/wp-json\/wp\/v2\/pages\/524","targetHints":{"allow":["GET"]}}],"collection":[{"href":"https:\/\/sintramem-sv.org.br\/sintramem\/wp-json\/wp\/v2\/pages"}],"about":[{"href":"https:\/\/sintramem-sv.org.br\/sintramem\/wp-json\/wp\/v2\/types\/page"}],"author":[{"embeddable":true,"href":"https:\/\/sintramem-sv.org.br\/sintramem\/wp-json\/wp\/v2\/users\/1"}],"replies":[{"embeddable":true,"href":"https:\/\/sintramem-sv.org.br\/sintramem\/wp-json\/wp\/v2\/comments?post=524"}],"version-history":[{"count":55,"href":"https:\/\/sintramem-sv.org.br\/sintramem\/wp-json\/wp\/v2\/pages\/524\/revisions"}],"predecessor-version":[{"id":6883,"href":"https:\/\/sintramem-sv.org.br\/sintramem\/wp-json\/wp\/v2\/pages\/524\/revisions\/6883"}],"up":[{"embeddable":true,"href":"https:\/\/sintramem-sv.org.br\/sintramem\/wp-json\/wp\/v2\/pages\/186"}],"wp:attachment":[{"href":"https:\/\/sintramem-sv.org.br\/sintramem\/wp-json\/wp\/v2\/media?parent=524"}],"curies":[{"name":"wp","href":"https:\/\/api.w.org\/{rel}","templated":true}]}}