{"id":3513,"date":"2019-02-05T17:04:17","date_gmt":"2019-02-05T17:04:17","guid":{"rendered":"http:\/\/sintramem-sv.org.br\/sintramem\/?page_id=3513"},"modified":"2023-09-20T18:10:23","modified_gmt":"2023-09-20T18:10:23","slug":"resolucoes-2019","status":"publish","type":"page","link":"https:\/\/sintramem-sv.org.br\/sintramem\/sintramem\/legislacao\/resolucoes-2019\/","title":{"rendered":"Resolu\u00e7\u00f5es \/ Portarias"},"content":{"rendered":"<p>Aqui encontram-se as Resolu\u00e7\u00f5es Municipais de interesse \u00e0 categoria do Magist\u00e9rio de S\u00e3o Vicente.<\/p>\n<p><strong><span style=\"color: #000000;\">fonte:\u00a0<\/span><\/strong><a href=\"https:\/\/rhseducsv.wordpress.com\/?fbclid=IwAR2RpROtpJMvDi6yNuFqy5saRQgz5WjPrBTlcI9TW37p4toO9KdtGf1SHQk\" target=\"_blank\" rel=\"nofollow noopener noreferrer\" data-ft=\"{&quot;tn&quot;:&quot;-U&quot;}\" data-lynx-mode=\"async\" data-lynx-uri=\"https:\/\/l.facebook.com\/l.php?u=https%3A%2F%2Frhseducsv.wordpress.com%2F%3Ffbclid%3DIwAR2RpROtpJMvDi6yNuFqy5saRQgz5WjPrBTlcI9TW37p4toO9KdtGf1SHQk&amp;h=AT0pHQQ3WLy9Yo0TssK5wHJxOKUbgO5pfV2p5GoV3aE5xQzl68nQRknkUDRkIWCwPkY1cH6bMRkHPxJNv30BT5xVFcu2oaNxh6AXVXG8pTbwRGs9-rcSOXnxCJnuTsUS0yDQL-QiexBlcjLiBjGW3Us7li8GP9klO0l0BTP3aVzGg-8NLGXX6u9FSErnbr558ogZIgBanbMDumO9lrR__XIt2htRNa19kq8ruY57NKxKOpXIFHWB2UycEKeVXn85zPs6dYHNQLVeJsM3MmkwAqEoj8Umiu5wpXghn00Kscd5mVRvib98Hx1HWijO68v39a3s6RnJISrG6NgQsHumCU5Dp5pxxXdBPmMVtffku1GfGpzmnqiBg5gS33nJakpCTYe2EYTpjTRzmXMNXFmO94eyfjlLEHBEgNCchnZZhtOpxpcdGBjEW5Gcj9zNB4sEo-V_dLXIDmeSKDWp9Gar-OzFxQMZ_fNjFVgkC0jP0CPbqg55weDCsc-1Tjgu1y1lguUnv5UhSsGjr0WCYRkkuLdc5XkSi70_URrsxu6eYbzuzen1zcWuc7j_OZE9j6zR9-dhScbpgCArR0NUfkNU4N4IxSuzqmo6qoH1pNygilxe3khwjqaFCJt2o3YQBK50QvmnWUe10tT0sdC9JQeW1DmSdaT7XrYSqwRpfFc7oPY_DGBU5MJk_8BUVeWSNuxTJdYoxQeazL0Z5vmNlZgI4nhDggIoS9Irj1ONWy2Um244oqKLLuX9iNoy6LWoryWv2z1IEj2tnOxz7ZzmvbV6zfCKH4kMJE4QtBh985umDw229ggPt2VY9__r8_72wOaLoMZPp74s4KnBqePsSn3ICqkf2S0mAx1OnlL_6lDeZaN7PfjDIw3VEwpf4Hqy_ABpjeg2FvDHMOU\">https:\/\/rhseducsv.wordpress.com\/<\/a><\/p>\n<h1><strong><span style=\"text-decoration: underline;\">&#x2714; 2023\u00a0<br \/><\/span><\/strong><\/h1>\n<h5><strong><span style=\"text-decoration: underline;\"><span style=\"color: #ff0000; text-decoration: underline;\"><a style=\"color: #ff0000; text-decoration: underline;\" href=\"https:\/\/rhseducsv.files.wordpress.com\/2023\/02\/portaria-no-06-2023.pdf\" target=\"_blank\" rel=\"noreferrer noopener\">Portaria N\u00ba 06\/2023 \u2013 SEDUC\/SV \u2013 Disp\u00f5e sobre a regulamenta\u00e7\u00e3o do Decreto 4928-A sobre atribui\u00e7\u00e3o de classes e\/ou aulas em car\u00e1ter excepcional da Rede Municipal de Ensino de S\u00e3o Vicente.<\/a>\u00a0(publicado no BOM de 17\/01\/23, edi\u00e7\u00e3o CXLVII)<\/span><\/span><\/strong><\/h5>\n<h5><strong><span style=\"color: #ff0000; text-decoration: underline;\"><a style=\"color: #ff0000; text-decoration: underline;\" href=\"https:\/\/rhseducsv.files.wordpress.com\/2023\/02\/portaria-no-07-2023.pdf\" target=\"_blank\" rel=\"noreferrer noopener\">Portaria N\u00ba 07\/2023 \u2013 SEDUC\/SV \u2013 Regulamenta a Lei Municipal n\u00ba 1076 de 28 de outubro de 2022, sobre o Programa de Premia\u00e7\u00e3o de profissionais do magist\u00e9rio e de destina\u00e7\u00e3o de bens e servi\u00e7os \u00e0s unidades escolares da rede municipal de S\u00e3o Vicente, Estado de S\u00e3o Paulo, para a compet\u00eancia de 2023.\u00a0<\/a>(publicado no BOM de 19\/01\/23, edi\u00e7\u00e3o CL)<\/span><\/strong><\/h5>\n<p><strong><a style=\"color: #ff0000;\" href=\"https:\/\/rhseducsv.files.wordpress.com\/2023\/08\/portaria-58_2023_seduc-regulamenta-o-pagamento-do-adicional-de-complexidade-acge.pdf\" target=\"_blank\" rel=\"noreferrer noopener\">PORTARIA 58\/2023_SEDUC \u2013 Regulamenta o pagamento do Adicional de Complexidade \u2013 ACGE<\/a><\/strong><\/p>\n<h5><strong><a style=\"color: #ff0000;\" href=\"https:\/\/rhseducsv.files.wordpress.com\/2023\/08\/portaria-59_2023_seduc-organizacao-curricular-da-educacao-infantil-em-2024.pdf\" target=\"_blank\" rel=\"noreferrer noopener\">PORTARIA 59\/2023_SEDUC \u2013 Organiza\u00e7\u00e3o curricular da Educa\u00e7\u00e3o Infantil em 2024<\/a><\/strong><\/h5>\n<h5><strong><a style=\"color: #ff0000; text-decoration: underline;\" href=\"https:\/\/sintramem-sv.org.br\/sintramem\/wp-content\/uploads\/2023\/08\/PORTARIA-No-60-2023.pdf\">PORTARIA 60\/2023 SEDUC &#8211; Disp\u00f5e sobre a organiza\u00e7\u00e3o do HTPCHora\/aula de Trabalho Pedag\u00f3gico Coletivo da rede municipal de ensino da Prefeitura Municipal de S\u00e3o Vicente e hor\u00e1rio de funcionamento das Unidades Municipais de Ensino de SV.<\/a><\/strong><\/h5>\n<h5><strong><a style=\"color: #ff0000;\" href=\"https:\/\/rhseducsv.files.wordpress.com\/2023\/08\/portaria-61_2023_seduc-organizacao-curricular-dos-anos-iniciais-do-ensino-fundamental-em-2024-1.pdf\" target=\"_blank\" rel=\"noreferrer noopener\">PORTARIA 61\/2023 SEDUC \u2013 Organiza\u00e7\u00e3o curricular dos Anos Iniciais do Ensino Fundamental em 2024<\/a><\/strong><\/h5>\n<h5><strong><a style=\"color: #ff0000;\" href=\"https:\/\/rhseducsv.files.wordpress.com\/2023\/08\/portaria-68_2023_seduc-altera-o-modelo-de-atendimento-da-ue-maria-de-lourdes-para-educacao-integral-amei.pdf\" target=\"_blank\" rel=\"noreferrer noopener\">PORTARIA 68\/2023 SEDUC \u2013 Altera o modelo de atendimento da UE Maria de Lourdes para educa\u00e7\u00e3o integral \u2013 AMEI<\/a><\/strong><\/h5>\n<h5><strong><a style=\"color: #ff0000;\" href=\"https:\/\/rhseducsv.files.wordpress.com\/2023\/08\/portaria-70_2023_seduc-estabelece-diretrizes-para-solicitacoes-de-transferencia-com-base-no-artigo-26-da-lei-806-em-2024.pdf\" target=\"_blank\" rel=\"noreferrer noopener\">PORTARIA 70\/2023 SEDUC \u2013 Estabelece diretrizes para solicita\u00e7\u00f5es de transfer\u00eancia com base no Artigo 26 da Lei 806 em 2024<\/a><\/strong><\/h5>\n<h5><strong><a style=\"color: #ff0000;\" href=\"https:\/\/rhseducsv.files.wordpress.com\/2023\/08\/portaria-73_2023_seduc-altera-o-modulo-de-suporte-pedagogico-e-apoio-pedagogico.pdf\" target=\"_blank\" rel=\"noreferrer noopener\">PORTARIA 73\/2023 SEDUC \u2013 Altera o m\u00f3dulo de Suporte Pedag\u00f3gico e Apoio Pedag\u00f3gico<\/a><\/strong><\/h5>\n<h5><strong><a style=\"color: #ff0000;\" href=\"https:\/\/rhseducsv.files.wordpress.com\/2023\/08\/portaria-79_2023_seduc-nomeacao-da-comissao-de-gestao-e-supervisao-ameic2b4s.pdf\" target=\"_blank\" rel=\"noreferrer noopener\">PORTARIA 79\/2023 SEDUC \u2013 Nomea\u00e7\u00e3o da Comiss\u00e3o de Gest\u00e3o e Supervis\u00e3o \u2013 AMEI\u00b4s<\/a><\/strong><\/h5>\n<h5><strong><a style=\"color: #ff0000;\" href=\"https:\/\/rhseducsv.files.wordpress.com\/2023\/08\/portaria-80_2023_seduc-organizacao-curricular-das-escolas-de-tempo-inegral-amei.pdf\" target=\"_blank\" rel=\"noreferrer noopener\">PORTARIA 80\/2023 SEDUC \u2013 Organiza\u00e7\u00e3o curricular das escolas de tempo inegral \u2013 AMEI<\/a><\/strong><\/h5>\n<h5><strong><a style=\"color: #ff0000;\" href=\"https:\/\/rhseducsv.files.wordpress.com\/2023\/08\/portaria-81_2023_seduc-disciplina-a-concessao-de-vagas-e-cadastro-reserva-para-amei.pdf\" target=\"_blank\" rel=\"noreferrer noopener\">PORTARIA 81\/2023 SEDUC \u2013 Disciplina a concess\u00e3o de vagas e cadastro reserva para AMEI<\/a><\/strong><\/h5>\n<h5><strong><a style=\"color: #ff0000;\" href=\"https:\/\/rhseducsv.files.wordpress.com\/2023\/08\/portaria-82_2023_seduc-estabelece-diretrizes-para-promocao-em-2024.pdf\">PORTARIA 82\/2023 SEDUC \u2013 Estabelece diretrizes para promo\u00e7\u00e3o em<\/a><a style=\"color: #ff0000;\" href=\"https:\/\/rhseducsv.files.wordpress.com\/2023\/08\/portaria-82_2023_seduc-estabelece-diretrizes-para-promocao-em-2024.pdf\"> 2024<\/a><\/strong><br \/><br \/><strong><span style=\"color: #ff0000;\"><a style=\"color: #ff0000;\" href=\"https:\/\/rhseducsv.files.wordpress.com\/2023\/09\/86_2023-regulamenta-a-entrega-dos-documentos-obrigatorios-para-o-registro-da-frequencia-dos-servidores-lotados-na-secretaria-de-educacao.pdf\" target=\"_blank\" rel=\"noreferrer noopener\">PORTARIA N\u00ba 86\/2023 SEDUC &#8211; Regulamenta a entrega dos documentos obrigat\u00f3rios para o registro da frequ\u00eancia dos servidores lotados na Secretaria de Educa\u00e7\u00e3o<\/a><br \/><br \/><a style=\"color: #ff0000;\" href=\"https:\/\/rhseducsv.files.wordpress.com\/2023\/09\/87_2023-regulamenta-a-fruicao-das-ferias-vencidas-dos-servidores-lotados-na-secretaria-de-educacao.pdf\" target=\"_blank\" rel=\"noreferrer noopener\">PORTARIA N\u00ba 87\/2023 SEDUC \u2013 Regulamenta a frui\u00e7\u00e3o das f\u00e9rias vencidas dos servidores lotados na Secretaria de Educa\u00e7\u00e3o.<\/a><br \/><br \/><a style=\"color: #ff0000;\" href=\"https:\/\/sintramem-sv.org.br\/sintramem\/wp-content\/uploads\/2023\/09\/PORTARIA-No-89-2023-1.pdf\">PORTARIA N\u00ba 89-2023Altera a Portaria N.\u00ba 60\/2023 &#8211; SEDUC\/SV que disp\u00f5e sobre a organiza\u00e7\u00e3o do HTPC &#8211; Hora- aula de Trabalho Pedag\u00f3gico Coletivo da rede municipal de ensino.<\/a><\/span><br \/><\/strong><\/h5>\n<h1>\u00a0<\/h1>\n<h1><strong><span style=\"text-decoration: underline;\">&#x2714; 2022\u00a0<\/span><\/strong><\/h1>\n<p><a href=\"https:\/\/sintramem-sv.org.br\/sintramem\/wp-content\/uploads\/2022\/06\/001-22-resolucao-integra.pdf\"><span style=\"text-decoration: underline; color: #ff0000;\"><strong>Resolu\u00e7\u00e3o 01\/2022 \u2013 Disciplina o Programa de Refor\u00e7o Escolar \u2013 Integra\/SV para o ano 2022<\/strong><\/span><\/a><\/p>\n<p><a href=\"https:\/\/sintramem-sv.org.br\/sintramem\/wp-content\/uploads\/2022\/06\/resolucao-02-2022-excedente.pdf\"><span style=\"text-decoration: underline; color: #ff0000;\"><strong>Resolu\u00e7\u00e3o 02\/2022 \u2013 Disp\u00f5e sobre atribui\u00e7\u00e3o de classes e aulas em car\u00e1ter excepcional<\/strong><\/span><\/a><\/p>\n<p><a href=\"https:\/\/sintramem-sv.org.br\/sintramem\/wp-content\/uploads\/2022\/06\/resolucao-7.pdf\"><span style=\"text-decoration: underline; color: #ff0000;\"><strong>Resolu\u00e7\u00e3o 07\/2022 \u2013 Disp\u00f5e sobre o uso da m\u00e1scara de prote\u00e7\u00e3o facial nas institui\u00e7\u00f5es de Educa\u00e7\u00e3o B\u00e1sica da Rede Municipal de Ensino e das institui\u00e7\u00f5es privadas no Munic\u00edpio de S\u00e3o Vicente<\/strong><\/span><\/a><\/p>\n<p><a href=\"https:\/\/sintramem-sv.org.br\/sintramem\/wp-content\/uploads\/2022\/06\/resolucao-n.c2b0-09-2022.jpeg.pdf\"><span style=\"text-decoration: underline; color: #ff0000;\"><strong>Resolu\u00e7\u00e3o 09\/2022 \u2013 Disp\u00f5e sobre solicita\u00e7\u00e3o de F\u00e9rias, Licen\u00e7a Pr\u00eamio e convoca\u00e7\u00e3o dos servidores em gozo de F\u00e9rias<\/strong><\/span><\/a><\/p>\n<p><a href=\"https:\/\/sintramem-sv.org.br\/sintramem\/wp-content\/uploads\/2022\/06\/resolucao-10_2022-uso-de-mascas-nas-unidades-escolares.pdf\"><span style=\"text-decoration: underline;\"><span style=\"color: #ff0000; text-decoration: underline;\"><strong>Resolu\u00e7\u00e3o 10\/2022 \u2013 Disp\u00f5e sobre o uso de m\u00e1scara de prote\u00e7\u00e3o facial nas institui\u00e7\u00f5es de Educa\u00e7\u00e3o B\u00e1sica da Rede Municipal de Ensino e das institui\u00e7\u00f5es privadas no Munic\u00edpio de S\u00e3o Vicente<\/strong><\/span><\/span><\/a><\/p>\n<p><strong><span style=\"color: #ff0000;\"><a style=\"color: #ff0000;\" href=\"https:\/\/rhseducsv.files.wordpress.com\/2022\/10\/portaria-no-30-2022.pdf\" target=\"_blank\" rel=\"noreferrer noopener\">Portaria N\u00ba 30\/2022 \u2013 SEDUC\/SV \u2013 Disp\u00f5e sobre os processos de inscri\u00e7\u00e3o para remanejamento interno, atribui\u00e7\u00e3o de classes e\/ou aulas, remo\u00e7\u00e3o e promo\u00e7\u00e3o de Professores de Educa\u00e7\u00e3o B\u00e1sica I e II, da Classe de Docente Titular e da Classe de Docente Adjunto, e da Classe de Suporte Pedag\u00f3gico da Rede Municipal de Ensino de S\u00e3o Vicente.<\/a><\/span><\/strong><\/p>\n<h5><span style=\"color: #ff0000;\"><a style=\"color: #ff0000;\" href=\"https:\/\/rhseducsv.files.wordpress.com\/2022\/10\/portaria-no-31-2022.pdf\" target=\"_blank\" rel=\"noreferrer noopener\">Portaria N\u00b0 31\/2022 \u2013 SEDUC\/SV \u2013 Disp\u00f5e sobre a atribui\u00e7\u00e3o de aulas do componente curricular Tecnologias para o Protagonismo Estudantil e o componente Tecnologias para Orienta\u00e7\u00e3o de Estudos aos Professores da Classe de Docente Titular e da Classe de Docente Adjunto (PEB e PAEB) da Rede Municipal de Ensino de S\u00e3o Vicente.<\/a><\/span><\/h5>\n<h5><strong><a style=\"color: #ff0000;\" href=\"https:\/\/rhseducsv.files.wordpress.com\/2022\/10\/portaria-no-34-2022-1.pdf\" target=\"_blank\" rel=\"noreferrer noopener\">Portaria N\u00ba 34\/2022 \u2013 SEDUC\/SV \u2013 Disp\u00f5e sobre a organiza\u00e7\u00e3o e funcionamento das Escolas de Educa\u00e7\u00e3o Integral no Munic\u00edpio de S\u00e3o Vicente denominada \u201cAmbiente Municipal de Educa\u00e7\u00e3o Integral\u201d no ano letivo de 2023.<\/a><\/strong><\/h5>\n<h5><strong><a style=\"color: #ff0000;\" href=\"https:\/\/rhseducsv.files.wordpress.com\/2022\/10\/portaria-no-35-2022-1.pdf\" target=\"_blank\" rel=\"noreferrer noopener\">Portaria N\u00ba 35\/2022 \u2013 SEDUC\/SV \u2013 Disp\u00f5e sobre as atividades e fixa o m\u00f3dulo de cargos de Supervisor de Ensino da Secretaria de Educa\u00e7\u00e3o.<\/a><\/strong><\/h5>\n<p><strong><a style=\"color: #ff0000;\" href=\"https:\/\/rhseducsv.files.wordpress.com\/2022\/10\/portaria-no-36-2022.pdf\" target=\"_blank\" rel=\"noreferrer noopener\">Portaria N\u00ba 36\/2022 \u2013 SEDUC\/SV \u2013 Disp\u00f5e sobre o m\u00f3dulo de Suporte Pedag\u00f3gico e Apoio Escolar da rede municipal de Ensino da Prefeitura Municipal de S\u00e3o Vicente.<\/a><\/strong><\/p>\n<h5><strong><a style=\"color: #ff0000;\" href=\"https:\/\/rhseducsv.files.wordpress.com\/2022\/10\/portaria-no-37-2022.pdf\" target=\"_blank\" rel=\"noreferrer noopener\">Portaria N\u00ba 37\/2022 \u2013 SEDUC\/SV \u2013 Disp\u00f5e sobre o m\u00f3dulo de Apoio Escolar nas Creches Municipais da Prefeitura Municipal de S\u00e3o Vicente.<\/a><\/strong><\/h5>\n<h5><strong><a style=\"color: #ff0000;\" href=\"https:\/\/rhseducsv.files.wordpress.com\/2022\/10\/portaria-no-38-2022.pdf\" target=\"_blank\" rel=\"noreferrer noopener\">Portaria N\u00ba 38\/2022 \u2013 SEDUC\/SV \u2013 Estabelece diretrizes para organiza\u00e7\u00e3o curricular dos Anos Iniciais em unidades espec\u00edficas da Rede Municipal de Ensino.<\/a><\/strong><\/h5>\n<h5><a style=\"color: #ff0000;\" href=\"https:\/\/rhseducsv.files.wordpress.com\/2023\/02\/portaria-no-44-2022.pdf\" target=\"_blank\" rel=\"noreferrer noopener\"><strong>Portaria N\u00ba 44\/2022 \u2013 SEDUC\/SV \u2013 Disp\u00f5e sobre a regulamenta\u00e7\u00e3o do processo de inscri\u00e7\u00e3o de <span style=\"color: #ff0000;\">Professores de Educa\u00e7\u00e3o B\u00e1sica I e II, do Quadro do Magist\u00e9rio P\u00fablico Municipal de S\u00e3o Vicente, para atua\u00e7\u00e3o no Programa Projovem Urbano.<\/span><\/strong><\/a><\/h5>\n<h5><strong><a style=\"color: #ff0000;\" href=\"https:\/\/rhseducsv.files.wordpress.com\/2022\/11\/portaria-45_2022-regulamento-o-pagamento-do-premio-de-professores.pdf\" target=\"_blank\" rel=\"noreferrer noopener\">Portaria N\u00ba 45\/2022- SEDUC\/SV \u2013 regulamenta a Lei Municipal n.\u00ba 1076, de 28 de outubro de 2022, que disp\u00f5e sobre o Programa de Premia\u00e7\u00e3o de profissionais do magist\u00e9rio e de destina\u00e7\u00e3o de bens e servi\u00e7os \u00e0s unidades escolares da rede municipal de S\u00e3o Vicente, Estado de S\u00e3o Vicente.<\/a><\/strong><\/h5>\n<h5><a style=\"color: #ff0000;\" href=\"https:\/\/rhseducsv.files.wordpress.com\/2022\/12\/comunicado-no-269-2022-1-1.pdf\" target=\"_blank\" rel=\"noreferrer noopener\"><strong>Comunicado 269\/22 \u2013 SEDUC\/SV \u2013 Disp\u00f5e sobre os professores que ingressaram na Rede em 2022 e n\u00e3o fazem jus a f\u00e9rias no m\u00eas de janeiro de 2023<\/strong><\/a><strong><span style=\"text-decoration: underline;\"><br \/><\/span><\/strong><\/h5>\n<h1><strong><span style=\"text-decoration: underline;\"><br \/>&#x2714; 2021<\/span><\/strong><\/h1>\n<p><strong><span style=\"text-decoration: underline;\"><span style=\"color: #ff0000; text-decoration: underline;\"><a style=\"color: #ff0000; text-decoration: underline;\" href=\"https:\/\/sintramem-sv.org.br\/sintramem\/wp-content\/uploads\/2021\/11\/Resolucao-no-15-2021.pdf\">Resolu\u00e7\u00e3o N\u00ba 15\/2021 &#8211; Disp\u00f5e sobre a regulamenta\u00e7\u00e3o dos crit\u00e9rios de progress\u00e3o e reten\u00e7\u00e3o para o fechamento do ano letivo de 2021 (Clique Aqui)<\/a><\/span><\/span><\/strong><\/p>\n<p><strong><span style=\"text-decoration: underline;\"><a style=\"color: #ff0000; text-decoration: underline;\" href=\"https:\/\/sintramem-sv.org.br\/sintramem\/wp-content\/uploads\/2021\/09\/Resolucao-12.2021.pdf\">Resolu\u00e7\u00e3o N\u00ba 12\/2021 &#8211; Disp\u00f5e sobre a progressiva retomada das atividades presenciais nas unidades de creches da Rede Municipal de S\u00e3o Vicente. <span style=\"color: #ff0000; text-decoration: underline;\">(Clique Aqui)<\/span><\/a><\/span><\/strong><\/p>\n<p><strong><span style=\"text-decoration: underline;\"><a href=\"https:\/\/sintramem-sv.org.br\/sintramem\/wp-content\/uploads\/2021\/11\/RESOLUCAO-No-11-2021.pdf\"><span style=\"color: #ff0000; text-decoration: underline;\">Resolu\u00e7\u00e3o N\u00ba 11\/2021 &#8211; Altera a resolu\u00e7\u00e3o 09\/2021 que disp\u00f5e sobre o periodo de ensino remoto e progressiva retomada das atividades presenciais na rede Municipal (Clique Aqui)<\/span><\/a><\/span><\/strong><\/p>\n<p><strong><span style=\"text-decoration: underline;\"><a href=\"https:\/\/sintramem-sv.org.br\/sintramem\/wp-content\/uploads\/2022\/02\/resolucao-no-09_2021-ensino-remoto-e-retomada-progressiva-do-ensino-presencial.pdf\"><span style=\"color: #ff0000; text-decoration: underline;\">Resolu\u00e7\u00e3o N\u00ba 09\/2021 \u2013 Disp\u00f5e sobre a regulamenta\u00e7\u00e3o do Ensino Remoto e progressiva retomada do Ensino Presencial<\/span><\/a><\/span><\/strong><\/p>\n<p><strong><span style=\"text-decoration: underline;\"><a href=\"https:\/\/sintramem-sv.org.br\/sintramem\/wp-content\/uploads\/2022\/02\/resolucao-no-06_2021-funcionamento-dos-nucleos-particulares.pdf\"><span style=\"color: #ff0000; text-decoration: underline;\">Resolu\u00e7\u00e3o N\u00ba 06\/2021 \u2013 Disp\u00f5e sobre a regulamenta\u00e7\u00e3o do Decreto 5489-A, sobre o funcionamento dos N\u00facleos Particulares<\/span><\/a><\/span><\/strong><\/p>\n<p><strong><span style=\"text-decoration: underline;\"><a href=\"https:\/\/sintramem-sv.org.br\/sintramem\/wp-content\/uploads\/2022\/02\/resolucao-no-05_2021-carga-excedente.pdf\"><span style=\"color: #ff0000; text-decoration: underline;\">Resolu\u00e7\u00e3o N\u00ba 05\/2021 \u2013 Disp\u00f5e sobre a regulamenta\u00e7\u00e3o da atribui\u00e7\u00e3o de Classes e \/ ou aulas em car\u00e1ter excepcional<\/span><\/a><\/span><\/strong><br \/><strong><span style=\"text-decoration: underline;\"><span style=\"color: #ff0000; text-decoration: underline;\"><br \/><a href=\"https:\/\/sintramem-sv.org.br\/sintramem\/wp-content\/uploads\/2021\/09\/Resolucao-no-03.2021.pdf\"><span style=\"color: #ff0000; text-decoration: underline;\">Resolu\u00e7\u00e3o N\u00ba 03\/2021 \u2013 Disp\u00f5e sobre o hor\u00e1rio da Classe de Suporte Pedag\u00f3gico na Unidade Escolar que atenda a Educa\u00e7\u00e3o de Jovens e Adultos \u2013 EJA na rede Municipal de ensino de S\u00e3o Vicente. (Clique Aqui)<\/span><\/a><\/span><\/span><\/strong><\/p>\n<p><strong><span style=\"text-decoration: underline;\"><a href=\"https:\/\/sintramem-sv.org.br\/sintramem\/wp-content\/uploads\/2021\/09\/Resolucao-no-02.2021.pdf\"><span style=\"color: #ff0000; text-decoration: underline;\">Resolu\u00e7\u00e3o N\u00ba 02\/2021 \u2013 Designa\u00e7\u00e3o equipe. (Clique Aqui)<\/span><\/a><\/span><\/strong><\/p>\n<p><strong><span style=\"text-decoration: underline;\"><a href=\"https:\/\/sintramem-sv.org.br\/sintramem\/wp-content\/uploads\/2021\/09\/Resolucao-no-01.2021.pdf\"><span style=\"color: #ff0000; text-decoration: underline;\">Resolu\u00e7\u00e3o N\u00ba 01\/2021 \u2013 EJA. (Clique Aqui)<\/span><\/a><\/span><\/strong><\/p>\n<h2>\u00a0<\/h2>\n<h1><strong><span style=\"text-decoration: underline;\">&#x2714; 2020<\/span><\/strong><\/h1>\n<p><strong><span style=\"text-decoration: underline;\"><a href=\"https:\/\/sintramem-sv.org.br\/sintramem\/wp-content\/uploads\/2021\/09\/Resolucao-no-07.2020.pdf\"><span style=\"color: #ff0000; text-decoration: underline;\">Resolu\u00e7\u00e3o N\u00ba 07\/2020 \u2013 Disp\u00f5e sobre a fixa\u00e7\u00e3o de sede dos cargos de Diretor, Assistente de Dire\u00e7\u00e3o e Coordenador Pedag\u00f3gico no processo 2020\/2021. (Clique Aqui)<\/span><\/a><\/span><\/strong><\/p>\n<p><strong><span style=\"text-decoration: underline;\"><span style=\"color: #ff0000; text-decoration: underline;\"><a style=\"color: #ff0000; text-decoration: underline;\" href=\"https:\/\/sintramem-sv.org.br\/sintramem\/wp-content\/uploads\/2021\/09\/Resolucao-no-06.2020.pdf\">Resolu\u00e7\u00e3o N\u00ba 06\/2020 \u2013 Disp\u00f5e sobre a reorganiza\u00e7\u00e3o do calend\u00e1rio escolar referente ao ano letivo de 2020. (Clique Aqui)<\/a><\/span><\/span><\/strong><\/p>\n<p><strong><span style=\"text-decoration: underline;\"><a href=\"https:\/\/sintramem-sv.org.br\/sintramem\/wp-content\/uploads\/2021\/09\/Resolucao-no-05.2020.pdf\"><span style=\"color: #ff0000; text-decoration: underline;\">RESOLU\u00c7\u00c3O N\u00ba 05\/2020 \u2013 Disp\u00f5e sobre a inscri\u00e7\u00e3o de professores para atuarem como Profissional de Apoio na Rede Municipal de Ensino de S\u00e3o Vicente. (Clique Aqui)<\/span><\/a><\/span><\/strong><\/p>\n<p><strong><span style=\"text-decoration: underline;\"><a href=\"https:\/\/sintramem-sv.org.br\/sintramem\/wp-content\/uploads\/2021\/09\/Resolucao-no-04.2020.pdf\"><span style=\"color: #ff0000; text-decoration: underline;\">RESOLU\u00c7\u00c3O N\u00ba 04\/2020 \u2013 Disp\u00f5e sobre a atribui\u00e7\u00e3o de aulas da disciplina de Arte da Rede Municipal de Ensino de S\u00e3o Vicente. (Clique Aqui)<\/span><\/a><\/span><\/strong><\/p>\n<p><strong><span style=\"text-decoration: underline;\"><span style=\"color: #ff0000; text-decoration: underline;\"><a style=\"color: #ff0000; text-decoration: underline;\" href=\"https:\/\/sintramem-sv.org.br\/sintramem\/wp-content\/uploads\/2021\/09\/Resolucao-no-03.2020.pdf\">RESOLU\u00c7\u00c3O N\u00ba 03\/2020 \u2013 Disp\u00f5e sobre a regulamenta\u00e7\u00e3o do Decreto 5046-A de atribui\u00e7\u00e3o de classes e\/ou aulas em car\u00e1ter excepcional da Rede Municipal de Ensino de S\u00e3o Vicente (Clique Aqui)<\/a><\/span><\/span><\/strong><\/p>\n<p><strong><span style=\"text-decoration: underline;\"><span style=\"color: #ff0000; text-decoration: underline;\"><a style=\"color: #ff0000; text-decoration: underline;\" href=\"https:\/\/sintramem-sv.org.br\/sintramem\/wp-content\/uploads\/2021\/09\/Resolucao-no-02.2020.pdf\">RESOLU\u00c7\u00c3O N\u00ba 02\/2020 \u2013 Disp\u00f5e sobre a inscri\u00e7\u00e3o de professores para atuarem na modalidade de Educa\u00e7\u00e3o de Jovens e Adultos I e II da Rede Municipal de Ensino de S\u00e3o Vicente. (Clique Aqui)<\/a><\/span><\/span><\/strong><\/p>\n<p data-adtags-visited=\"true\"><strong><span style=\"text-decoration: underline;\"><a href=\"https:\/\/sintramem-sv.org.br\/sintramem\/wp-content\/uploads\/2021\/09\/Resolucao-no-01.2020.pdf\"><span style=\"color: #ff0000; text-decoration: underline;\">RESOLU\u00c7\u00c3O N\u00ba 01\/2020 \u2013 Disp\u00f5e sobre a regulamenta\u00e7\u00e3o de designa\u00e7\u00e3o para cobertura de afastamento dos cargos de Diretor, Assistente de Dire\u00e7\u00e3o e Coordenador. (Clique Aqui)<\/span><\/a><\/span><\/strong><\/p>\n<h2>\u00a0<\/h2>\n<h1><strong><span style=\"text-decoration: underline;\">&#x2714; 2019<\/span><\/strong><\/h1>\n<p><strong><span style=\"text-decoration: underline;\"><a href=\"https:\/\/sintramem-sv.org.br\/sintramem\/wp-content\/uploads\/2021\/09\/resoluc3a7c3a3o-14-19-convertido.pdf\"><span style=\"color: #ff0000; text-decoration: underline;\">Resolu\u00e7\u00e3o N\u00ba 14\/2019 \u2013 Disp\u00f5e sobre o hor\u00e1rio da Classe de Suporte Pedag\u00f3gico da unidade escolar que atenda a Educa\u00e7\u00e3o de Jovens \u2013 EJA na rede municipal de ensino de S\u00e3o Vicente. (Clique Aqui)<\/span><\/a><\/span><\/strong><\/p>\n<p><strong><span style=\"text-decoration: underline;\"><a href=\"https:\/\/sintramem-sv.org.br\/sintramem\/wp-content\/uploads\/2021\/09\/Resolucao-no-13.2019-1.pdf\"><span style=\"color: #ff0000; text-decoration: underline;\">Resolu\u00e7\u00e3o N\u00ba 13\/2019 \u2013 Disp\u00f5e sobre a remo\u00e7\u00e3o no Processo 2019\/2020 da Classe de Suporte Pedag\u00f3gico. (Clique Aqui)<\/span><\/a><\/span><\/strong><\/p>\n<p><strong><span style=\"text-decoration: underline;\"><a href=\"https:\/\/sintramem-sv.org.br\/sintramem\/wp-content\/uploads\/2021\/09\/Resolucao-no-12.2019-1.pdf\"><span style=\"color: #ff0000; text-decoration: underline;\">Resolu\u00e7\u00e3o N\u00ba 12\/2019 \u2013 Disp\u00f5e sobre atribui\u00e7\u00e3o de aulas da disciplina de Arte da rede municipal de ensino de S\u00e3o Vicente. (Clique Aqui)<\/span><\/a><\/span><\/strong><\/p>\n<p><strong><span style=\"text-decoration: underline;\"><a href=\"https:\/\/sintramem-sv.org.br\/sintramem\/wp-content\/uploads\/2021\/09\/Resolucao-no-11.2019-1.pdf\"><span style=\"color: #ff0000; text-decoration: underline;\">Resolu\u00e7\u00e3o N\u00ba 11\/2019 \u2013 Disp\u00f5e sobre a regulamenta\u00e7\u00e3o de Profissional de Apoio na rede municipal de ensino de S\u00e3o Vicente. (Clique Aqui)<\/span><\/a><\/span><\/strong><\/p>\n<p><strong><span style=\"text-decoration: underline;\"><a href=\"https:\/\/sintramem-sv.org.br\/sintramem\/wp-content\/uploads\/2021\/09\/Resolucao-no-10.2019-1.pdf\"><span style=\"color: #ff0000; text-decoration: underline;\">Resolu\u00e7\u00e3o N\u00ba 10\/2019 \u2013 Disp\u00f5e sobre a regulamenta\u00e7\u00e3o da inscri\u00e7\u00e3o de professores da Educa\u00e7\u00e3o B\u00e1sica I da Classe Docente Titular, Est\u00e1veis e N\u00e3o Est\u00e1veis e da Classe de Docente Adjunto I para atuar no Programa de Acelera\u00e7\u00e3o de Estudos de S\u00e3o Vicente \u2013 PAESV. (Clique Aqui)<\/span><\/a><\/span><\/strong><\/p>\n<p><strong><span style=\"text-decoration: underline;\"><a href=\"https:\/\/sintramem-sv.org.br\/sintramem\/wp-content\/uploads\/2021\/09\/Resolucao-no-09.2019-1.pdf\"><span style=\"color: #ff0000; text-decoration: underline;\">Resolu\u00e7\u00e3o N\u00ba 09\/2019 \u2013 Disp\u00f5e sobre a regulamenta\u00e7\u00e3o do Decreto n\u00ba 4928-A, de atribui\u00e7\u00e3o de classes e\/ou aulas em car\u00e1ter excepcional da rede municipal de S\u00e3o Vicente. (Clique Aqui)<\/span><\/a><\/span><\/strong><\/p>\n<p><strong><span style=\"text-decoration: underline;\"><a href=\"https:\/\/sintramem-sv.org.br\/sintramem\/wp-content\/uploads\/2021\/09\/Resolucao-no-08.2019.pdf\"><span style=\"color: #ff0000; text-decoration: underline;\">Resolu\u00e7\u00e3o N\u00ba 08\/2019 \u2013 Disp\u00f5e sobre a organiza\u00e7\u00e3o e o funcionamento dos cursos dos Centros Municipais de Supl\u00eancia de Educa\u00e7\u00e3o de Jovens e Adultos \u00c1rea Insular (CEJAIN) e Continental (CEJACON). (Clique Aqui)<\/span><\/a><\/span><\/strong><\/p>\n<p><strong><span style=\"text-decoration: underline;\"><a href=\"https:\/\/sintramem-sv.org.br\/sintramem\/wp-content\/uploads\/2021\/09\/Resolucao-no-07.2019.pdf\"><span style=\"color: #ff0000; text-decoration: underline;\">Resolu\u00e7\u00e3o N\u00ba 07\/2019 \u2013 Estabelece normas para atua\u00e7\u00e3o do Professor Int\u00e9rprete de L\u00edngua Brasileira de Sinais \u2013 Libras ILS \u2013 nos estabelecimentos de ensino da rede p\u00fablica. (Clique Aqui)<\/span><\/a><\/span><\/strong><\/p>\n<p><strong><span style=\"text-decoration: underline;\"><a href=\"https:\/\/sintramem-sv.org.br\/sintramem\/wp-content\/uploads\/2021\/09\/Resolucao-no-06.2019.pdf\"><span style=\"color: #ff0000; text-decoration: underline;\">Resolu\u00e7\u00e3o N\u00ba 06\/2019 \u2013 Disp\u00f5e sobre a atribui\u00e7\u00e3o de aulas dos Centros de Educa\u00e7\u00e3o de Jovens e Adultos na modalidade do Ensino Fundamental e M\u00e9dio da rede municipal de ensino de S\u00e3o Vicente. (Clique Aqui)<\/span><\/a><\/span><\/strong><\/p>\n<p><strong><span style=\"text-decoration: underline;\"><a href=\"https:\/\/sintramem-sv.org.br\/sintramem\/wp-content\/uploads\/2021\/09\/Resolucao-no-05.2019.pdf\"><span style=\"color: #ff0000; text-decoration: underline;\">Resolu\u00e7\u00e3o N\u00ba 05\/2019 \u2013 Disp\u00f5e sobre a inscri\u00e7\u00e3o de Docentes na modalidade de Educa\u00e7\u00e3o de Jovens e Adultos I e II da rede municipal de ensino de S\u00e3o Vicente para o ano letivo de 2019. (Clique Aqui)<\/span><\/a><\/span><\/strong><\/p>\n<p><strong><span style=\"text-decoration: underline;\"><a href=\"https:\/\/sintramem-sv.org.br\/sintramem\/wp-content\/uploads\/2021\/09\/Resolucao-no-04.2019.pdf\"><span style=\"color: #ff0000; text-decoration: underline;\">Resolu\u00e7\u00e3o N\u00ba 04\/2019 \u2013 Disp\u00f5e sobre a Atribui\u00e7\u00e3o do Artigo 26. (Clique Aqui)<\/span><\/a><\/span><\/strong><\/p>\n<p><strong><span style=\"text-decoration: underline;\"><a href=\"https:\/\/sintramem-sv.org.br\/sintramem\/wp-content\/uploads\/2021\/09\/Resolucao-no-03.2019.pdf\"><span style=\"color: #ff0000; text-decoration: underline;\">Resolu\u00e7\u00e3o N\u00ba 03\/2019 \u2013 Disp\u00f5e sobre o hor\u00e1rio da Classe de Suporte Pedag\u00f3gico na Unidade Escolar que atende a Educa\u00e7\u00e3o de Jovens e Adultos. (Clique Aqui)<\/span><\/a><\/span><\/strong><\/p>\n<p><strong><span style=\"text-decoration: underline;\"><a href=\"https:\/\/sintramem-sv.org.br\/sintramem\/wp-content\/uploads\/2021\/09\/Resolucao-no-02.2019.pdf\"><span style=\"color: #ff0000; text-decoration: underline;\">Resolu\u00e7\u00e3o N\u00ba 02\/2019 \u2013 Regulamenta a sele\u00e7\u00e3o de professores formadores para atuar na EAD em 2019. (Clique Aqui)<\/span><\/a><\/span><\/strong><\/p>\n<p><strong><span style=\"text-decoration: underline;\"><span style=\"color: #ff0000; text-decoration: underline;\"><a style=\"color: #ff0000; text-decoration: underline;\" title=\"Resolu\u00e7\u00e3o n\u00ba 01-2019 - SEDUC\" href=\"https:\/\/rhseducsv.files.wordpress.com\/2019\/01\/Resolu%C3%A7%C3%A3o-n%C2%BA-01-2019-SEDUC.pdf\">Resolu\u00e7\u00e3o N\u00ba 01\/2019 \u2013 Regulamenta atribui\u00e7\u00e3o para designa\u00e7\u00e3o dos cargos de Diretor, Assistente de Dire\u00e7\u00e3o e Coordenador Pedag\u00f3gico<\/a> <a style=\"color: #ff0000; text-decoration: underline;\" href=\"https:\/\/rhseducsv.files.wordpress.com\/2019\/01\/Resolu%C3%A7%C3%A3o-n%C2%BA-01-2019-SEDUC.pdf\">(Clique Aqui)<\/a><\/span><\/span><\/strong><\/p>\n\n\n<h1 style=\"text-align: left;\"><span style=\"text-decoration: underline;\"><br \/><strong>&#x2714; 2017<\/strong><\/span><\/h1>\n<p style=\"text-align: left;\"><span style=\"text-decoration: underline;\"><span style=\"color: #ff0000; text-decoration: underline;\"><a style=\"color: #ff0000; text-decoration: underline;\" href=\"https:\/\/sintramem-sv.org.br\/sintramem\/wp-content\/uploads\/2021\/11\/Resolucao-13.17.pdf\"><strong>Resolu\u00e7\u00e3o N\u00ba 13\/2017 &#8211; Disp\u00f5e sobre a aula diversificada dentro da jornada integral dos docentes (Clique Aqui)<\/strong><\/a><br \/><a href=\"https:\/\/sintramem-sv.org.br\/sintramem\/wp-content\/uploads\/2017\/02\/RES6.pdf\"><span style=\"color: #ff0000; text-decoration: underline;\"><strong>Resolu\u00e7\u00e3o N\u00ba 06\/2017 &#8211; Disp\u00f5e sobre os competes e atribu\u00e7\u00e3o dos Profissionais de apoio para atendimento a alunos com defici\u00eancia (Clique Aqui)<\/strong><\/span><\/a><br \/><strong><a style=\"color: #ff0000; text-decoration: underline;\" href=\"https:\/\/sintramem-sv.org.br\/sintramem\/wp-content\/uploads\/2021\/11\/Resolucao-03.17.pdf\">Resolu\u00e7\u00e3o N\u00ba 03\/2017 &#8211; Atribui\u00e7\u00e3o &#8211; CEJAIN e CEJACON &#8211; Ensino M\u00e9dio (Clique Aqui)<\/a><\/strong><br \/><a style=\"color: #ff0000; text-decoration: underline;\" href=\"https:\/\/sintramem-sv.org.br\/sintramem\/wp-content\/uploads\/2021\/11\/Resolucao-01.17.pdf\"><strong>Resolu\u00e7\u00e3o N\u00ba 01\/2017 &#8211; Atribui\u00e7\u00e3o pelo Art. 26 da Lei 806\/15 (Clique Aqui)<\/strong><\/a><br \/><\/span><\/span><\/p>\n<h1 style=\"text-align: left;\"><span style=\"text-decoration: underline;\"><span style=\"color: #000000; text-decoration: underline;\"><br \/><strong>&#x2714; 2016<\/strong><\/span><\/span><\/h1>\n<p style=\"text-align: left;\"><span style=\"background-color: #ffffff;\"><span style=\"text-decoration: underline;\"><strong><span style=\"color: #ff0000; text-decoration: underline;\"><a style=\"background-color: #ffffff; color: #ff0000; text-decoration: underline;\" href=\"https:\/\/sintramem-sv.org.br\/sintramem\/wp-content\/uploads\/2017\/02\/RES.-04-2016-CEJAIN-CEJACON.pdf\">Resolu\u00e7\u00e3o N\u00ba 04\/2016 <\/a><\/span><\/strong><\/span><a href=\"https:\/\/sintramem-sv.org.br\/sintramem\/wp-content\/uploads\/2017\/02\/RES-8-2016.pdf\"><span style=\"color: #ff0000;\"><strong><span style=\"text-decoration: underline;\">(Clique Aqui)<\/span><\/strong><\/span><\/a><\/span><\/p>\n","protected":false},"excerpt":{"rendered":"<p>Aqui encontram-se as Resolu\u00e7\u00f5es Municipais de interesse \u00e0 categoria do Magist\u00e9rio de S\u00e3o Vicente. fonte:\u00a0https:\/\/rhseducsv.wordpress.com\/ &#x2714; 2023\u00a0 Portaria N\u00ba 06\/2023 \u2013 SEDUC\/SV \u2013 Disp\u00f5e sobre a regulamenta\u00e7\u00e3o do Decreto 4928-A sobre atribui\u00e7\u00e3o de classes e\/ou aulas em car\u00e1ter excepcional da Rede Municipal de Ensino de S\u00e3o Vicente.\u00a0(publicado no BOM de 17\/01\/23, edi\u00e7\u00e3o CXLVII) Portaria N\u00ba&hellip;<\/p>\n","protected":false},"author":1,"featured_media":0,"parent":186,"menu_order":0,"comment_status":"closed","ping_status":"closed","template":"","meta":{"_monsterinsights_skip_tracking":false,"_monsterinsights_sitenote_active":false,"_monsterinsights_sitenote_note":"","_monsterinsights_sitenote_category":0,"footnotes":""},"class_list":["post-3513","page","type-page","status-publish","hentry"],"yoast_head":"<!-- This site is optimized with the Yoast SEO plugin v27.0 - https:\/\/yoast.com\/product\/yoast-seo-wordpress\/ -->\n<title>Resolu\u00e7\u00f5es \/ Portarias - SINTRAMEM<\/title>\n<meta name=\"robots\" content=\"index, follow, max-snippet:-1, max-image-preview:large, max-video-preview:-1\" \/>\n<link rel=\"canonical\" href=\"https:\/\/sintramem-sv.org.br\/sintramem\/sintramem\/legislacao\/resolucoes-2019\/\" \/>\n<meta property=\"og:locale\" content=\"pt_BR\" \/>\n<meta property=\"og:type\" content=\"article\" \/>\n<meta property=\"og:title\" content=\"Resolu\u00e7\u00f5es \/ Portarias - SINTRAMEM\" \/>\n<meta property=\"og:description\" content=\"Aqui encontram-se as Resolu\u00e7\u00f5es Municipais de interesse \u00e0 categoria do Magist\u00e9rio de S\u00e3o Vicente. fonte:\u00a0https:\/\/rhseducsv.wordpress.com\/ &#x2714; 2023\u00a0 Portaria N\u00ba 06\/2023 \u2013 SEDUC\/SV \u2013 Disp\u00f5e sobre a regulamenta\u00e7\u00e3o do Decreto 4928-A sobre atribui\u00e7\u00e3o de classes e\/ou aulas em car\u00e1ter excepcional da Rede Municipal de Ensino de S\u00e3o Vicente.\u00a0(publicado no BOM de 17\/01\/23, edi\u00e7\u00e3o CXLVII) Portaria N\u00ba&hellip;\" \/>\n<meta property=\"og:url\" content=\"https:\/\/sintramem-sv.org.br\/sintramem\/sintramem\/legislacao\/resolucoes-2019\/\" \/>\n<meta property=\"og:site_name\" content=\"SINTRAMEM\" \/>\n<meta property=\"article:modified_time\" content=\"2023-09-20T18:10:23+00:00\" \/>\n<meta name=\"twitter:card\" content=\"summary_large_image\" \/>\n<meta name=\"twitter:label1\" content=\"Est. tempo de leitura\" \/>\n\t<meta name=\"twitter:data1\" content=\"9 minutos\" \/>\n<script type=\"application\/ld+json\" class=\"yoast-schema-graph\">{\"@context\":\"https:\/\/schema.org\",\"@graph\":[{\"@type\":\"WebPage\",\"@id\":\"https:\/\/sintramem-sv.org.br\/sintramem\/sintramem\/legislacao\/resolucoes-2019\/\",\"url\":\"https:\/\/sintramem-sv.org.br\/sintramem\/sintramem\/legislacao\/resolucoes-2019\/\",\"name\":\"Resolu\u00e7\u00f5es \/ Portarias - SINTRAMEM\",\"isPartOf\":{\"@id\":\"https:\/\/sintramem-sv.org.br\/sintramem\/#website\"},\"datePublished\":\"2019-02-05T17:04:17+00:00\",\"dateModified\":\"2023-09-20T18:10:23+00:00\",\"breadcrumb\":{\"@id\":\"https:\/\/sintramem-sv.org.br\/sintramem\/sintramem\/legislacao\/resolucoes-2019\/#breadcrumb\"},\"inLanguage\":\"pt-BR\",\"potentialAction\":[{\"@type\":\"ReadAction\",\"target\":[\"https:\/\/sintramem-sv.org.br\/sintramem\/sintramem\/legislacao\/resolucoes-2019\/\"]}]},{\"@type\":\"BreadcrumbList\",\"@id\":\"https:\/\/sintramem-sv.org.br\/sintramem\/sintramem\/legislacao\/resolucoes-2019\/#breadcrumb\",\"itemListElement\":[{\"@type\":\"ListItem\",\"position\":1,\"name\":\"In\u00edcio\",\"item\":\"https:\/\/sintramem-sv.org.br\/sintramem\/\"},{\"@type\":\"ListItem\",\"position\":2,\"name\":\"INSTITUCIONAL\",\"item\":\"https:\/\/sintramem-sv.org.br\/sintramem\/sintramem\/\"},{\"@type\":\"ListItem\",\"position\":3,\"name\":\"Legisla\u00e7\u00e3o\",\"item\":\"https:\/\/sintramem-sv.org.br\/sintramem\/sintramem\/legislacao\/\"},{\"@type\":\"ListItem\",\"position\":4,\"name\":\"Resolu\u00e7\u00f5es \/ Portarias\"}]},{\"@type\":\"WebSite\",\"@id\":\"https:\/\/sintramem-sv.org.br\/sintramem\/#website\",\"url\":\"https:\/\/sintramem-sv.org.br\/sintramem\/\",\"name\":\"SINTRAMEM\",\"description\":\"Sindicato dos Trabalhadores no Magist\u00e9rio e na Educa\u00e7\u00e3o de S\u00e3o Vicente\",\"publisher\":{\"@id\":\"https:\/\/sintramem-sv.org.br\/sintramem\/#organization\"},\"potentialAction\":[{\"@type\":\"SearchAction\",\"target\":{\"@type\":\"EntryPoint\",\"urlTemplate\":\"https:\/\/sintramem-sv.org.br\/sintramem\/?s={search_term_string}\"},\"query-input\":{\"@type\":\"PropertyValueSpecification\",\"valueRequired\":true,\"valueName\":\"search_term_string\"}}],\"inLanguage\":\"pt-BR\"},{\"@type\":\"Organization\",\"@id\":\"https:\/\/sintramem-sv.org.br\/sintramem\/#organization\",\"name\":\"SINTRAMEM\",\"url\":\"https:\/\/sintramem-sv.org.br\/sintramem\/\",\"logo\":{\"@type\":\"ImageObject\",\"inLanguage\":\"pt-BR\",\"@id\":\"https:\/\/sintramem-sv.org.br\/sintramem\/#\/schema\/logo\/image\/\",\"url\":\"https:\/\/sintramem-sv.org.br\/sintramem\/wp-content\/uploads\/2017\/02\/SINTRAMEM-LOGO-OFICIAL-300x100-jpg.jpg\",\"contentUrl\":\"https:\/\/sintramem-sv.org.br\/sintramem\/wp-content\/uploads\/2017\/02\/SINTRAMEM-LOGO-OFICIAL-300x100-jpg.jpg\",\"width\":150,\"height\":150,\"caption\":\"SINTRAMEM\"},\"image\":{\"@id\":\"https:\/\/sintramem-sv.org.br\/sintramem\/#\/schema\/logo\/image\/\"}}]}<\/script>\n<!-- \/ Yoast SEO plugin. -->","yoast_head_json":{"title":"Resolu\u00e7\u00f5es \/ Portarias - SINTRAMEM","robots":{"index":"index","follow":"follow","max-snippet":"max-snippet:-1","max-image-preview":"max-image-preview:large","max-video-preview":"max-video-preview:-1"},"canonical":"https:\/\/sintramem-sv.org.br\/sintramem\/sintramem\/legislacao\/resolucoes-2019\/","og_locale":"pt_BR","og_type":"article","og_title":"Resolu\u00e7\u00f5es \/ Portarias - SINTRAMEM","og_description":"Aqui encontram-se as Resolu\u00e7\u00f5es Municipais de interesse \u00e0 categoria do Magist\u00e9rio de S\u00e3o Vicente. fonte:\u00a0https:\/\/rhseducsv.wordpress.com\/ &#x2714; 2023\u00a0 Portaria N\u00ba 06\/2023 \u2013 SEDUC\/SV \u2013 Disp\u00f5e sobre a regulamenta\u00e7\u00e3o do Decreto 4928-A sobre atribui\u00e7\u00e3o de classes e\/ou aulas em car\u00e1ter excepcional da Rede Municipal de Ensino de S\u00e3o Vicente.\u00a0(publicado no BOM de 17\/01\/23, edi\u00e7\u00e3o CXLVII) Portaria N\u00ba&hellip;","og_url":"https:\/\/sintramem-sv.org.br\/sintramem\/sintramem\/legislacao\/resolucoes-2019\/","og_site_name":"SINTRAMEM","article_modified_time":"2023-09-20T18:10:23+00:00","twitter_card":"summary_large_image","twitter_misc":{"Est. tempo de leitura":"9 minutos"},"schema":{"@context":"https:\/\/schema.org","@graph":[{"@type":"WebPage","@id":"https:\/\/sintramem-sv.org.br\/sintramem\/sintramem\/legislacao\/resolucoes-2019\/","url":"https:\/\/sintramem-sv.org.br\/sintramem\/sintramem\/legislacao\/resolucoes-2019\/","name":"Resolu\u00e7\u00f5es \/ Portarias - SINTRAMEM","isPartOf":{"@id":"https:\/\/sintramem-sv.org.br\/sintramem\/#website"},"datePublished":"2019-02-05T17:04:17+00:00","dateModified":"2023-09-20T18:10:23+00:00","breadcrumb":{"@id":"https:\/\/sintramem-sv.org.br\/sintramem\/sintramem\/legislacao\/resolucoes-2019\/#breadcrumb"},"inLanguage":"pt-BR","potentialAction":[{"@type":"ReadAction","target":["https:\/\/sintramem-sv.org.br\/sintramem\/sintramem\/legislacao\/resolucoes-2019\/"]}]},{"@type":"BreadcrumbList","@id":"https:\/\/sintramem-sv.org.br\/sintramem\/sintramem\/legislacao\/resolucoes-2019\/#breadcrumb","itemListElement":[{"@type":"ListItem","position":1,"name":"In\u00edcio","item":"https:\/\/sintramem-sv.org.br\/sintramem\/"},{"@type":"ListItem","position":2,"name":"INSTITUCIONAL","item":"https:\/\/sintramem-sv.org.br\/sintramem\/sintramem\/"},{"@type":"ListItem","position":3,"name":"Legisla\u00e7\u00e3o","item":"https:\/\/sintramem-sv.org.br\/sintramem\/sintramem\/legislacao\/"},{"@type":"ListItem","position":4,"name":"Resolu\u00e7\u00f5es \/ Portarias"}]},{"@type":"WebSite","@id":"https:\/\/sintramem-sv.org.br\/sintramem\/#website","url":"https:\/\/sintramem-sv.org.br\/sintramem\/","name":"SINTRAMEM","description":"Sindicato dos Trabalhadores no Magist\u00e9rio e na Educa\u00e7\u00e3o de S\u00e3o Vicente","publisher":{"@id":"https:\/\/sintramem-sv.org.br\/sintramem\/#organization"},"potentialAction":[{"@type":"SearchAction","target":{"@type":"EntryPoint","urlTemplate":"https:\/\/sintramem-sv.org.br\/sintramem\/?s={search_term_string}"},"query-input":{"@type":"PropertyValueSpecification","valueRequired":true,"valueName":"search_term_string"}}],"inLanguage":"pt-BR"},{"@type":"Organization","@id":"https:\/\/sintramem-sv.org.br\/sintramem\/#organization","name":"SINTRAMEM","url":"https:\/\/sintramem-sv.org.br\/sintramem\/","logo":{"@type":"ImageObject","inLanguage":"pt-BR","@id":"https:\/\/sintramem-sv.org.br\/sintramem\/#\/schema\/logo\/image\/","url":"https:\/\/sintramem-sv.org.br\/sintramem\/wp-content\/uploads\/2017\/02\/SINTRAMEM-LOGO-OFICIAL-300x100-jpg.jpg","contentUrl":"https:\/\/sintramem-sv.org.br\/sintramem\/wp-content\/uploads\/2017\/02\/SINTRAMEM-LOGO-OFICIAL-300x100-jpg.jpg","width":150,"height":150,"caption":"SINTRAMEM"},"image":{"@id":"https:\/\/sintramem-sv.org.br\/sintramem\/#\/schema\/logo\/image\/"}}]}},"_links":{"self":[{"href":"https:\/\/sintramem-sv.org.br\/sintramem\/wp-json\/wp\/v2\/pages\/3513","targetHints":{"allow":["GET"]}}],"collection":[{"href":"https:\/\/sintramem-sv.org.br\/sintramem\/wp-json\/wp\/v2\/pages"}],"about":[{"href":"https:\/\/sintramem-sv.org.br\/sintramem\/wp-json\/wp\/v2\/types\/page"}],"author":[{"embeddable":true,"href":"https:\/\/sintramem-sv.org.br\/sintramem\/wp-json\/wp\/v2\/users\/1"}],"replies":[{"embeddable":true,"href":"https:\/\/sintramem-sv.org.br\/sintramem\/wp-json\/wp\/v2\/comments?post=3513"}],"version-history":[{"count":66,"href":"https:\/\/sintramem-sv.org.br\/sintramem\/wp-json\/wp\/v2\/pages\/3513\/revisions"}],"predecessor-version":[{"id":7315,"href":"https:\/\/sintramem-sv.org.br\/sintramem\/wp-json\/wp\/v2\/pages\/3513\/revisions\/7315"}],"up":[{"embeddable":true,"href":"https:\/\/sintramem-sv.org.br\/sintramem\/wp-json\/wp\/v2\/pages\/186"}],"wp:attachment":[{"href":"https:\/\/sintramem-sv.org.br\/sintramem\/wp-json\/wp\/v2\/media?parent=3513"}],"curies":[{"name":"wp","href":"https:\/\/api.w.org\/{rel}","templated":true}]}}