{"version":"1.0","provider_name":"SINTRAMEM","provider_url":"https:\/\/sintramem-sv.org.br\/sintramem","author_name":"sintramem","author_url":"https:\/\/sintramem-sv.org.br\/sintramem\/author\/sindsv\/","title":"\"Ch\u00e1 da Tarde da Melhor Idade\" | Aposentados do Magist\u00e9rio est\u00e3o convidados para a\u00e7\u00e3o do SINTRAMEM no dia 5 de setembro, \u00e0s 16h30 - SINTRAMEM","type":"rich","width":600,"height":338,"html":"<blockquote class=\"wp-embedded-content\" data-secret=\"kKVzAOQqrU\"><a href=\"https:\/\/sintramem-sv.org.br\/sintramem\/cha-da-tarde-da-melhor-idade\/\">&#8220;Ch\u00e1 da Tarde da Melhor Idade&#8221; | Aposentados do Magist\u00e9rio est\u00e3o convidados para a\u00e7\u00e3o do SINTRAMEM no dia 5 de setembro, \u00e0s 16h30<\/a><\/blockquote><iframe sandbox=\"allow-scripts\" security=\"restricted\" src=\"https:\/\/sintramem-sv.org.br\/sintramem\/cha-da-tarde-da-melhor-idade\/embed\/#?secret=kKVzAOQqrU\" width=\"600\" height=\"338\" title=\"&#8220;&#8220;Ch\u00e1 da Tarde da Melhor Idade&#8221; | Aposentados do Magist\u00e9rio est\u00e3o convidados para a\u00e7\u00e3o do SINTRAMEM no dia 5 de setembro, \u00e0s 16h30&#8221; &#8212; SINTRAMEM\" data-secret=\"kKVzAOQqrU\" frameborder=\"0\" marginwidth=\"0\" marginheight=\"0\" scrolling=\"no\" class=\"wp-embedded-content\"><\/iframe><script type=\"text\/javascript\">\n\/* <![CDATA[ *\/\n\/*! This file is auto-generated *\/\n!function(d,l){\"use strict\";l.querySelector&&d.addEventListener&&\"undefined\"!=typeof URL&&(d.wp=d.wp||{},d.wp.receiveEmbedMessage||(d.wp.receiveEmbedMessage=function(e){var t=e.data;if((t||t.secret||t.message||t.value)&&!\/[^a-zA-Z0-9]\/.test(t.secret)){for(var s,r,n,a=l.querySelectorAll('iframe[data-secret=\"'+t.secret+'\"]'),o=l.querySelectorAll('blockquote[data-secret=\"'+t.secret+'\"]'),c=new RegExp(\"^https?:$\",\"i\"),i=0;i<o.length;i++)o[i].style.display=\"none\";for(i=0;i<a.length;i++)s=a[i],e.source===s.contentWindow&&(s.removeAttribute(\"style\"),\"height\"===t.message?(1e3<(r=parseInt(t.value,10))?r=1e3:~~r<200&&(r=200),s.height=r):\"link\"===t.message&&(r=new URL(s.getAttribute(\"src\")),n=new URL(t.value),c.test(n.protocol))&&n.host===r.host&&l.activeElement===s&&(d.top.location.href=t.value))}},d.addEventListener(\"message\",d.wp.receiveEmbedMessage,!1),l.addEventListener(\"DOMContentLoaded\",function(){for(var e,t,s=l.querySelectorAll(\"iframe.wp-embedded-content\"),r=0;r<s.length;r++)(t=(e=s[r]).getAttribute(\"data-secret\"))||(t=Math.random().toString(36).substring(2,12),e.src+=\"#?secret=\"+t,e.setAttribute(\"data-secret\",t)),e.contentWindow.postMessage({message:\"ready\",secret:t},\"*\")},!1)))}(window,document);\n\/\/# sourceURL=https:\/\/sintramem-sv.org.br\/sintramem\/wp-includes\/js\/wp-embed.min.js\n\/* ]]> *\/\n<\/script>\n","thumbnail_url":"https:\/\/sintramem-sv.org.br\/sintramem\/wp-content\/uploads\/2000\/08\/menor-4.png","thumbnail_width":500,"thumbnail_height":278,"description":"Temos um convite especial para os Aposentados do Magist\u00e9rio!\u00a0Na pr\u00f3xima sexta, 5 de setembro, a partir das 16h30, daremos in\u00edcio a uma nova e carinhosa iniciativa: ser\u00e1 o 1\u00ba &#8220;Ch\u00e1 da Tarde da Melhor Idade&#8221; do SINTRAMEM. Ser\u00e1 um momento de acolhimento na sede do SindServSV, localizada na rua Visconde de Itamandar\u00e9, 234, Centro, S\u00e3o&hellip;"}